{"id":2027,"date":"2016-10-21T08:30:40","date_gmt":"2016-10-21T08:30:40","guid":{"rendered":"http:\/\/salgesch.ch\/fr\/?post_type=dt_portfolio&#038;p=2027"},"modified":"2022-07-14T11:17:15","modified_gmt":"2022-07-14T11:17:15","slug":"sensorium","status":"publish","type":"dt_portfolio","link":"https:\/\/salgesch.ch\/fr\/experience\/sensorium\/","title":{"rendered":"LE SENSORIUM DU VIN"},"content":{"rendered":"<div class=\"wpb-content-wrapper\"><p>[vc_row][vc_column][vc_empty_space][vc_column_text]<\/p>\n<h5 style=\"text-align: center;\"><span style=\"color: #950048;\">Laissez-vous guider par vos sens<\/span><\/h5>\n<h2 style=\"text-align: center;\"><strong><span style=\"color: black;\">Le sensorium du vin<br \/>\n<\/span><\/strong><\/h2>\n<p>[\/vc_column_text][vc_empty_space height=&#8221;45px&#8221;][\/vc_column][\/vc_row][vc_row][vc_column width=&#8221;1\/4&#8243; offset=&#8221;vc_col-xs-6&#8243;][vc_single_image image=&#8221;1617&#8243; img_size=&#8221;80&#215;80&#8243; alignment=&#8221;center&#8221; css_animation=&#8221;fadeInDown&#8221;][vc_column_text]<\/p>\n<p style=\"text-align: center;\"><strong><span style=\"color: black;\">Lieu<\/span><\/strong><\/p>\n<p style=\"text-align: center;\"><span style=\"color: #333333;\"><span class=\"_Xbe\">Cour de Salquenen<\/span><\/span><\/p>\n<p>[\/vc_column_text][\/vc_column][vc_column width=&#8221;1\/4&#8243; offset=&#8221;vc_col-xs-6&#8243;][vc_single_image image=&#8221;1616&#8243; img_size=&#8221;80&#215;80&#8243; alignment=&#8221;center&#8221; css_animation=&#8221;fadeInDown&#8221;][vc_column_text]<\/p>\n<p style=\"text-align: center;\"><strong><span style=\"color: black;\">Horaires d&#8217;ouverture<\/span><\/strong><\/p>\n<p style=\"text-align: center;\"><span style=\"color: #333333;\">Lu\u00a0&#8211; Ve\u00a08:30 &#8211; 12:00 et\u00a014:00 17:00<\/span><\/p>\n<p>[\/vc_column_text][\/vc_column][vc_column width=&#8221;1\/4&#8243; offset=&#8221;vc_col-xs-6&#8243;][vc_single_image image=&#8221;1622&#8243; img_size=&#8221;80&#215;80&#8243; alignment=&#8221;center&#8221; css_animation=&#8221;fadeInDown&#8221;][vc_column_text]<\/p>\n<p style=\"text-align: center;\"><strong><span style=\"color: black;\">Entr\u00e9e<\/span><\/strong><\/p>\n<p style=\"text-align: center;\"><span style=\"color: #333333;\">Gratuit<\/span><\/p>\n<p>[\/vc_column_text][\/vc_column][vc_column width=&#8221;1\/4&#8243; offset=&#8221;vc_col-xs-6&#8243;][vc_single_image image=&#8221;1613&#8243; img_size=&#8221;80&#215;80&#8243; alignment=&#8221;center&#8221; css_animation=&#8221;fadeInDown&#8221;][vc_column_text]<\/p>\n<p style=\"text-align: center;\"><strong><span style=\"color: black;\">Info <\/span><\/strong><\/p>\n<p style=\"text-align: center;\"><a href=\"tel:+41274526060\"><span style=\"color: #333333;\">+41 (0)27 452 60 60<\/span><\/a><\/p>\n<p>[\/vc_column_text][\/vc_column][\/vc_row][vc_row][vc_column][vc_empty_space height=&#8221;45px&#8221;][vc_tta_tabs style=&#8221;flat&#8221; shape=&#8221;square&#8221; color=&#8221;white&#8221; alignment=&#8221;center&#8221; active_section=&#8221;1&#8243; pagination_style=&#8221;flat-round&#8221; no_fill_content_area=&#8221;true&#8221;][vc_tta_section title=&#8221;\u00c0 PROPOS&#8221; tab_id=&#8221;a-propos&#8221;][vc_empty_space height=&#8221;40px&#8221;][vc_column_text]<\/p>\n<h2 style=\"text-align: center;\"><span style=\"color: black;\">\u00c0 propos<\/span><\/h2>\n<h6 style=\"text-align: center;\"><em><span style=\"color: #950048;\">Laissez-vous guider par vos sens<\/span><\/em><\/h6>\n<p>[\/vc_column_text][vc_column_text css=&#8221;.vc_custom_1477038433393{margin-top: 50px !important;margin-right: 50px !important;margin-bottom: 50px !important;margin-left: 50px !important;}&#8221;]<\/p>\n<p style=\"text-align: center;\">Le Sensorium propose de d\u00e9couvrir le monde du vin, de la nature et de la culture par un apprentissage sensoriel.<\/p>\n<p style=\"text-align: center;\">Adepte d\u2019une exp\u00e9rience in\u00e9dite, vous appr\u00e9henderez les vins de Salgesch par leurs parfums, par leur terroir (entre ceps et pierre), mais aussi par un choix d\u2019images et de sons savamment choisis. Avec le nez, la bouche, les mains, les yeux et les oreilles, c\u2019est toute la diversit\u00e9 naturelle d\u2019une r\u00e9gion viticole qui s\u2019offre \u00e0 vous.<\/p>\n<p style=\"text-align: center;\">Bon \u00e0 savoir<\/p>\n<p style=\"text-align: center;\">La visite est possible en groupe ou en individuel.<\/p>\n<p>[\/vc_column_text][\/vc_tta_section][vc_tta_section title=&#8221;GALERIE&#8221; tab_id=&#8221;galerie&#8221;][vc_empty_space height=&#8221;40px&#8221;][vc_column_text]<\/p>\n<h2 style=\"text-align: center;\"><span style=\"color: black;\">Galerie<\/span><\/h2>\n<h6 style=\"text-align: center;\"><em><span style=\"color: #950048;\">Quelques impressions<\/span><\/em><\/h6>\n<p>[\/vc_column_text][vc_masonry_media_grid gap=&#8221;3&#8243; item=&#8221;mediaGrid_Default&#8221; initial_loading_animation=&#8221;fadeIn&#8221; grid_id=&#8221;vc_gid:1657797427122-1e52f644-eb83-4&#8243; include=&#8221;3406,3405,3403,1113,3404,1683&#8243;][\/vc_tta_section][vc_tta_section title=&#8221;HORAIRES &amp; CONTACT&#8221; tab_id=&#8221;contact&#8221;][vc_empty_space height=&#8221;40px&#8221;][vc_column_text]<\/p>\n<h2 style=\"text-align: center;\"><span style=\"color: black;\">Contact<\/span><\/h2>\n<h6 style=\"text-align: center;\"><em><span style=\"color: #950048;\">Contactez-nous<\/span><\/em><\/h6>\n<p>[\/vc_column_text][vc_row_inner][vc_column_inner][vc_column_text]<\/p>\n<p style=\"text-align: center;\"><strong>Regionaler Naturpark Pfyn-Finges\u00a0<\/strong><\/p>\n<p style=\"text-align: center;\"><a href=\"tel:+41274526060\">+41 (0)27 452 60 60<\/a><\/p>\n<p style=\"text-align: center;\"><a href=\"mailto:admin@pfyn-finges.ch\" target=\"_blank\" rel=\"noopener\">admin @ pfyn-finges.ch<\/a><\/p>\n<p style=\"text-align: center;\">Horaires d&#8217;ouverture<\/p>\n<p style=\"text-align: center;\">Lundi &#8211; Vendredi \u00a008:30 &#8211; 12:00 et 14:00 &#8211; 17:00<\/p>\n<p>[\/vc_column_text][\/vc_column_inner][\/vc_row_inner][\/vc_tta_section][\/vc_tta_tabs][\/vc_column][\/vc_row]<\/p>\n<\/div>","protected":false},"excerpt":{"rendered":"<p>[vc_row][vc_column][vc_empty_space][vc_column_text] Laissez-vous guider par vos sens Le sensorium du vin [\/vc_column_text][vc_empty_space height=&#8221;45px&#8221;][\/vc_column][\/vc_row][vc_row][vc_column width=&#8221;1\/4&#8243; offset=&#8221;vc_col-xs-6&#8243;][vc_single_image image=&#8221;1617&#8243; img_size=&#8221;80&#215;80&#8243; alignment=&#8221;center&#8221; css_animation=&#8221;fadeInDown&#8221;][vc_column_text] Lieu Cour de Salquenen [\/vc_column_text][\/vc_column][vc_column width=&#8221;1\/4&#8243; offset=&#8221;vc_col-xs-6&#8243;][vc_single_image image=&#8221;1616&#8243; img_size=&#8221;80&#215;80&#8243; alignment=&#8221;center&#8221; css_animation=&#8221;fadeInDown&#8221;][vc_column_text] Horaires d&#8217;ouverture Lu\u00a0&#8211; Ve\u00a08:30 &#8211; 12:00 et\u00a014:00 17:00 [\/vc_column_text][\/vc_column][vc_column width=&#8221;1\/4&#8243; offset=&#8221;vc_col-xs-6&#8243;][vc_single_image image=&#8221;1622&#8243; img_size=&#8221;80&#215;80&#8243; alignment=&#8221;center&#8221; css_animation=&#8221;fadeInDown&#8221;][vc_column_text] Entr\u00e9e Gratuit [\/vc_column_text][\/vc_column][vc_column width=&#8221;1\/4&#8243; offset=&#8221;vc_col-xs-6&#8243;][vc_single_image image=&#8221;1613&#8243; img_size=&#8221;80&#215;80&#8243; alignment=&#8221;center&#8221; css_animation=&#8221;fadeInDown&#8221;][vc_column_text] Info +41&hellip;<\/p>\n","protected":false},"author":1,"featured_media":4445,"comment_status":"closed","ping_status":"closed","template":"","dt_portfolio_category":[17],"dt_portfolio_tags":[],"class_list":["post-2027","dt_portfolio","type-dt_portfolio","status-publish","has-post-thumbnail","hentry","dt_portfolio_category-experience","dt_portfolio_category-17","description-off"],"yoast_head":"<!-- This site is optimized with the Yoast SEO plugin v27.5 - https:\/\/yoast.com\/product\/yoast-seo-wordpress\/ -->\n<title>LE SENSORIUM DU VIN - Salgesch I Salquenen<\/title>\n<meta name=\"description\" content=\"Odeurs subtiles, go\u00fbts explosifs, sons sensuels et toucher doux, au Sensoriel en Valais, vous vivez le vin avec tous vos sens.\" \/>\n<meta name=\"robots\" content=\"index, follow, max-snippet:-1, max-image-preview:large, max-video-preview:-1\" \/>\n<link rel=\"canonical\" href=\"https:\/\/salgesch.ch\/fr\/experience\/sensorium\/\" \/>\n<meta property=\"og:locale\" content=\"fr_FR\" \/>\n<meta property=\"og:type\" content=\"article\" \/>\n<meta property=\"og:title\" content=\"LE SENSORIUM DU VIN - Salgesch I Salquenen\" \/>\n<meta property=\"og:description\" content=\"Odeurs subtiles, go\u00fbts explosifs, sons sensuels et toucher doux, au Sensoriel en Valais, vous vivez le vin avec tous vos sens.\" \/>\n<meta property=\"og:url\" content=\"https:\/\/salgesch.ch\/fr\/experience\/sensorium\/\" \/>\n<meta property=\"og:site_name\" content=\"Salgesch I Salquenen\" \/>\n<meta property=\"article:modified_time\" content=\"2022-07-14T11:17:15+00:00\" \/>\n<meta property=\"og:image\" content=\"https:\/\/salgesch.ch\/wp-content\/uploads\/2016\/07\/1db4694a653565fe39db6c20a49133ff.jpg\" \/>\n\t<meta property=\"og:image:width\" content=\"667\" \/>\n\t<meta property=\"og:image:height\" content=\"500\" \/>\n\t<meta property=\"og:image:type\" content=\"image\/jpeg\" \/>\n<meta name=\"twitter:card\" content=\"summary_large_image\" \/>\n<meta name=\"twitter:label1\" content=\"Est. reading time\" \/>\n\t<meta name=\"twitter:data1\" content=\"2 minutes\" \/>\n<script type=\"application\/ld+json\" class=\"yoast-schema-graph\">{\"@context\":\"https:\\\/\\\/schema.org\",\"@graph\":[{\"@type\":\"WebPage\",\"@id\":\"https:\\\/\\\/salgesch.ch\\\/fr\\\/experience\\\/sensorium\\\/\",\"url\":\"https:\\\/\\\/salgesch.ch\\\/fr\\\/experience\\\/sensorium\\\/\",\"name\":\"LE SENSORIUM DU VIN - Salgesch I Salquenen\",\"isPartOf\":{\"@id\":\"https:\\\/\\\/salgesch.ch\\\/fr\\\/#website\"},\"primaryImageOfPage\":{\"@id\":\"https:\\\/\\\/salgesch.ch\\\/fr\\\/experience\\\/sensorium\\\/#primaryimage\"},\"image\":{\"@id\":\"https:\\\/\\\/salgesch.ch\\\/fr\\\/experience\\\/sensorium\\\/#primaryimage\"},\"thumbnailUrl\":\"https:\\\/\\\/salgesch.ch\\\/wp-content\\\/uploads\\\/2016\\\/07\\\/1db4694a653565fe39db6c20a49133ff.jpg\",\"datePublished\":\"2016-10-21T08:30:40+00:00\",\"dateModified\":\"2022-07-14T11:17:15+00:00\",\"description\":\"Odeurs subtiles, go\u00fbts explosifs, sons sensuels et toucher doux, au Sensoriel en Valais, vous vivez le vin avec tous vos sens.\",\"breadcrumb\":{\"@id\":\"https:\\\/\\\/salgesch.ch\\\/fr\\\/experience\\\/sensorium\\\/#breadcrumb\"},\"inLanguage\":\"fr-CH\",\"potentialAction\":[{\"@type\":\"ReadAction\",\"target\":[\"https:\\\/\\\/salgesch.ch\\\/fr\\\/experience\\\/sensorium\\\/\"]}]},{\"@type\":\"ImageObject\",\"inLanguage\":\"fr-CH\",\"@id\":\"https:\\\/\\\/salgesch.ch\\\/fr\\\/experience\\\/sensorium\\\/#primaryimage\",\"url\":\"https:\\\/\\\/salgesch.ch\\\/wp-content\\\/uploads\\\/2016\\\/07\\\/1db4694a653565fe39db6c20a49133ff.jpg\",\"contentUrl\":\"https:\\\/\\\/salgesch.ch\\\/wp-content\\\/uploads\\\/2016\\\/07\\\/1db4694a653565fe39db6c20a49133ff.jpg\",\"width\":667,\"height\":500},{\"@type\":\"BreadcrumbList\",\"@id\":\"https:\\\/\\\/salgesch.ch\\\/fr\\\/experience\\\/sensorium\\\/#breadcrumb\",\"itemListElement\":[{\"@type\":\"ListItem\",\"position\":1,\"name\":\"Startseite\",\"item\":\"https:\\\/\\\/salgesch.ch\\\/fr\\\/\"},{\"@type\":\"ListItem\",\"position\":2,\"name\":\"Portfolio\",\"item\":\"https:\\\/\\\/salgesch.ch\\\/fr\\\/project\\\/\"},{\"@type\":\"ListItem\",\"position\":3,\"name\":\"LE SENSORIUM DU VIN\"}]},{\"@type\":\"WebSite\",\"@id\":\"https:\\\/\\\/salgesch.ch\\\/fr\\\/#website\",\"url\":\"https:\\\/\\\/salgesch.ch\\\/fr\\\/\",\"name\":\"Salgesch I Salquenen\",\"description\":\"Das Weindorf der Schweiz\",\"potentialAction\":[{\"@type\":\"SearchAction\",\"target\":{\"@type\":\"EntryPoint\",\"urlTemplate\":\"https:\\\/\\\/salgesch.ch\\\/fr\\\/?s={search_term_string}\"},\"query-input\":{\"@type\":\"PropertyValueSpecification\",\"valueRequired\":true,\"valueName\":\"search_term_string\"}}],\"inLanguage\":\"fr-CH\"}]}<\/script>\n<!-- \/ Yoast SEO plugin. -->","yoast_head_json":{"title":"LE SENSORIUM DU VIN - Salgesch I Salquenen","description":"Odeurs subtiles, go\u00fbts explosifs, sons sensuels et toucher doux, au Sensoriel en Valais, vous vivez le vin avec tous vos sens.","robots":{"index":"index","follow":"follow","max-snippet":"max-snippet:-1","max-image-preview":"max-image-preview:large","max-video-preview":"max-video-preview:-1"},"canonical":"https:\/\/salgesch.ch\/fr\/experience\/sensorium\/","og_locale":"fr_FR","og_type":"article","og_title":"LE SENSORIUM DU VIN - Salgesch I Salquenen","og_description":"Odeurs subtiles, go\u00fbts explosifs, sons sensuels et toucher doux, au Sensoriel en Valais, vous vivez le vin avec tous vos sens.","og_url":"https:\/\/salgesch.ch\/fr\/experience\/sensorium\/","og_site_name":"Salgesch I Salquenen","article_modified_time":"2022-07-14T11:17:15+00:00","og_image":[{"width":667,"height":500,"url":"https:\/\/salgesch.ch\/wp-content\/uploads\/2016\/07\/1db4694a653565fe39db6c20a49133ff.jpg","type":"image\/jpeg"}],"twitter_card":"summary_large_image","twitter_misc":{"Est. reading time":"2 minutes"},"schema":{"@context":"https:\/\/schema.org","@graph":[{"@type":"WebPage","@id":"https:\/\/salgesch.ch\/fr\/experience\/sensorium\/","url":"https:\/\/salgesch.ch\/fr\/experience\/sensorium\/","name":"LE SENSORIUM DU VIN - Salgesch I Salquenen","isPartOf":{"@id":"https:\/\/salgesch.ch\/fr\/#website"},"primaryImageOfPage":{"@id":"https:\/\/salgesch.ch\/fr\/experience\/sensorium\/#primaryimage"},"image":{"@id":"https:\/\/salgesch.ch\/fr\/experience\/sensorium\/#primaryimage"},"thumbnailUrl":"https:\/\/salgesch.ch\/wp-content\/uploads\/2016\/07\/1db4694a653565fe39db6c20a49133ff.jpg","datePublished":"2016-10-21T08:30:40+00:00","dateModified":"2022-07-14T11:17:15+00:00","description":"Odeurs subtiles, go\u00fbts explosifs, sons sensuels et toucher doux, au Sensoriel en Valais, vous vivez le vin avec tous vos sens.","breadcrumb":{"@id":"https:\/\/salgesch.ch\/fr\/experience\/sensorium\/#breadcrumb"},"inLanguage":"fr-CH","potentialAction":[{"@type":"ReadAction","target":["https:\/\/salgesch.ch\/fr\/experience\/sensorium\/"]}]},{"@type":"ImageObject","inLanguage":"fr-CH","@id":"https:\/\/salgesch.ch\/fr\/experience\/sensorium\/#primaryimage","url":"https:\/\/salgesch.ch\/wp-content\/uploads\/2016\/07\/1db4694a653565fe39db6c20a49133ff.jpg","contentUrl":"https:\/\/salgesch.ch\/wp-content\/uploads\/2016\/07\/1db4694a653565fe39db6c20a49133ff.jpg","width":667,"height":500},{"@type":"BreadcrumbList","@id":"https:\/\/salgesch.ch\/fr\/experience\/sensorium\/#breadcrumb","itemListElement":[{"@type":"ListItem","position":1,"name":"Startseite","item":"https:\/\/salgesch.ch\/fr\/"},{"@type":"ListItem","position":2,"name":"Portfolio","item":"https:\/\/salgesch.ch\/fr\/project\/"},{"@type":"ListItem","position":3,"name":"LE SENSORIUM DU VIN"}]},{"@type":"WebSite","@id":"https:\/\/salgesch.ch\/fr\/#website","url":"https:\/\/salgesch.ch\/fr\/","name":"Salgesch I Salquenen","description":"Das Weindorf der Schweiz","potentialAction":[{"@type":"SearchAction","target":{"@type":"EntryPoint","urlTemplate":"https:\/\/salgesch.ch\/fr\/?s={search_term_string}"},"query-input":{"@type":"PropertyValueSpecification","valueRequired":true,"valueName":"search_term_string"}}],"inLanguage":"fr-CH"}]}},"_links":{"self":[{"href":"https:\/\/salgesch.ch\/fr\/wp-json\/wp\/v2\/dt_portfolio\/2027","targetHints":{"allow":["GET"]}}],"collection":[{"href":"https:\/\/salgesch.ch\/fr\/wp-json\/wp\/v2\/dt_portfolio"}],"about":[{"href":"https:\/\/salgesch.ch\/fr\/wp-json\/wp\/v2\/types\/dt_portfolio"}],"author":[{"embeddable":true,"href":"https:\/\/salgesch.ch\/fr\/wp-json\/wp\/v2\/users\/1"}],"replies":[{"embeddable":true,"href":"https:\/\/salgesch.ch\/fr\/wp-json\/wp\/v2\/comments?post=2027"}],"version-history":[{"count":4,"href":"https:\/\/salgesch.ch\/fr\/wp-json\/wp\/v2\/dt_portfolio\/2027\/revisions"}],"predecessor-version":[{"id":7658,"href":"https:\/\/salgesch.ch\/fr\/wp-json\/wp\/v2\/dt_portfolio\/2027\/revisions\/7658"}],"wp:featuredmedia":[{"embeddable":true,"href":"https:\/\/salgesch.ch\/fr\/wp-json\/wp\/v2\/media\/4445"}],"wp:attachment":[{"href":"https:\/\/salgesch.ch\/fr\/wp-json\/wp\/v2\/media?parent=2027"}],"wp:term":[{"taxonomy":"dt_portfolio_category","embeddable":true,"href":"https:\/\/salgesch.ch\/fr\/wp-json\/wp\/v2\/dt_portfolio_category?post=2027"},{"taxonomy":"dt_portfolio_tags","embeddable":true,"href":"https:\/\/salgesch.ch\/fr\/wp-json\/wp\/v2\/dt_portfolio_tags?post=2027"}],"curies":[{"name":"wp","href":"https:\/\/api.w.org\/{rel}","templated":true}]}}