{"id":2050,"date":"2016-10-21T09:14:38","date_gmt":"2016-10-21T09:14:38","guid":{"rendered":"http:\/\/salgesch.ch\/fr\/?post_type=dt_portfolio&#038;p=2050"},"modified":"2022-07-14T11:25:02","modified_gmt":"2022-07-14T11:25:02","slug":"hotel-arkanum","status":"publish","type":"dt_portfolio","link":"https:\/\/salgesch.ch\/fr\/gastronomie-fr\/hotel-arkanum\/","title":{"rendered":"HOTEL ARKANUM"},"content":{"rendered":"<div class=\"wpb-content-wrapper\"><p>[vc_row][vc_column][vc_empty_space][vc_column_text]<\/p>\n<h5 style=\"text-align: center;\"><span style=\"color: #950048;\"><span style=\"color: #950048;\">Notre passion &#8211; Votre plaisir<\/span><\/span><\/h5>\n<h2 style=\"text-align: center;\"><strong><span style=\"color: black;\">Hotel Arkanum<\/span><\/strong><\/h2>\n<p>[\/vc_column_text][vc_empty_space height=&#8221;45px&#8221;][\/vc_column][\/vc_row][vc_row][vc_column width=&#8221;1\/4&#8243; offset=&#8221;vc_col-xs-6&#8243;][vc_single_image image=&#8221;1617&#8243; img_size=&#8221;80&#215;80&#8243; alignment=&#8221;center&#8221; css_animation=&#8221;fadeInDown&#8221;][vc_column_text]<\/p>\n<p style=\"text-align: center;\"><strong><span style=\"color: black;\">Lieu<\/span><\/strong><\/p>\n<p style=\"text-align: center;\"><span style=\"color: #333333;\">Unterdorfstrasse 1,\u00a0Centre du village<\/span><\/p>\n<p>[\/vc_column_text][\/vc_column][vc_column width=&#8221;1\/4&#8243; offset=&#8221;vc_col-xs-6&#8243;][vc_single_image image=&#8221;1616&#8243; img_size=&#8221;80&#215;80&#8243; alignment=&#8221;center&#8221; css_animation=&#8221;fadeInDown&#8221;][vc_column_text]<\/p>\n<p style=\"text-align: center;\"><strong><span style=\"color: black;\">Types de chambres<\/span><\/strong><\/p>\n<p style=\"text-align: center;\"><span style=\"color: #333333;\">Chambres\u00a0standards et d&#8217;ambiance<\/span><\/p>\n<p>[\/vc_column_text][\/vc_column][vc_column width=&#8221;1\/4&#8243; offset=&#8221;vc_col-xs-6&#8243;][vc_single_image image=&#8221;1609&#8243; img_size=&#8221;80&#215;80&#8243; alignment=&#8221;center&#8221; css_animation=&#8221;fadeInDown&#8221;][vc_column_text]<\/p>\n<p style=\"text-align: center;\"><strong><span style=\"color: black;\">Cuisine<\/span><\/strong><\/p>\n<p style=\"text-align: center;\"><span style=\"color: #333333;\">Plats r\u00e9gionaux<\/span><\/p>\n<p>[\/vc_column_text][\/vc_column][vc_column width=&#8221;1\/4&#8243; offset=&#8221;vc_col-xs-6&#8243;][vc_single_image image=&#8221;1619&#8243; img_size=&#8221;80&#215;80&#8243; alignment=&#8221;center&#8221; css_animation=&#8221;fadeInDown&#8221;][vc_column_text]<\/p>\n<p style=\"text-align: center;\"><strong><span style=\"color: black;\">R\u00e9servation<\/span><\/strong><\/p>\n<p style=\"text-align: center;\"><a href=\"tel:+41274512100\"><span style=\"color: #333333;\">+41 (0)27 451 21 00<\/span><\/a><\/p>\n<p>[\/vc_column_text][\/vc_column][\/vc_row][vc_row][vc_column][vc_empty_space height=&#8221;45px&#8221;][vc_tta_tabs style=&#8221;flat&#8221; shape=&#8221;square&#8221; color=&#8221;white&#8221; alignment=&#8221;center&#8221; active_section=&#8221;1&#8243; pagination_style=&#8221;flat-round&#8221; no_fill_content_area=&#8221;true&#8221;][vc_tta_section title=&#8221;\u00c0 PROPOS&#8221; tab_id=&#8221;a-propos&#8221;][vc_empty_space height=&#8221;40px&#8221;][vc_column_text]<\/p>\n<h2 style=\"text-align: center;\"><span style=\"color: black;\">\u00c0 propos<\/span><\/h2>\n<h6 style=\"text-align: center;\"><em><span style=\"color: #950048;\">Notre passion &#8211; Votre plaisir<\/span><\/em><\/h6>\n<p>[\/vc_column_text][vc_column_text css=&#8221;.vc_custom_1566199505877{margin-top: 50px !important;margin-right: 50px !important;margin-bottom: 50px !important;margin-left: 50px !important;}&#8221;]<\/p>\n<p style=\"text-align: center;\">Restaurant\u00a0:<\/p>\n<p style=\"text-align: center;\">Venez appr\u00e9cier le temps d&#8217;une soir\u00e9e l&#8217;excellent vin de Salquenen dans notre salle \u00e0 manger &#8220;Bacchus&#8221;. Jetez un coup d&#8217;oeil sur notre carte des vins et sur celle des menus, cela vaut le d\u00e9tour. Elles vous proposent des produits du terroir.<\/p>\n<p style=\"text-align: center;\">H\u00f4tel\u00a0:<\/p>\n<p style=\"text-align: center;\">Dans nos chambres \u00e0 th\u00e8me, vous vivrez l&#8217;aventure avec un A. En effet, dormir dans une barrique, dans un berceau ou dans un pressoir \u00e0 vin est un \u00e9v\u00e9nement que vous ne serez pas pr\u00e8s d&#8217;oublier! Bienvenue aux familles: nous vous proposons une chambre \u00e0 4 lits ou bien une chambre familiale avec lits superpos\u00e9s. Pour ceux qui ont d\u00e9j\u00e0 eu leur dose d&#8217;adr\u00e9naline, nous disposons \u00e9galement de chambres Standard spacieuses.Votre chien est lui aussi le bienvenu!<\/p>\n<p>[\/vc_column_text][vc_empty_space height=&#8221;20px&#8221;][vc_single_image image=&#8221;3238&#8243; img_size=&#8221;medium&#8221; alignment=&#8221;center&#8221; lazy_loading=&#8221;true&#8221; css=&#8221;.vc_custom_1521122879803{margin-top: 5px !important;}&#8221;][\/vc_tta_section][vc_tta_section title=&#8221;GALERIE&#8221; tab_id=&#8221;galerie&#8221;][vc_empty_space height=&#8221;40px&#8221;][vc_column_text]<\/p>\n<h2 style=\"text-align: center;\"><span style=\"color: black;\">Galerie<\/span><\/h2>\n<h6 style=\"text-align: center;\"><em><span style=\"color: #950048;\">Quelques impressions<\/span><\/em><\/h6>\n<p>[\/vc_column_text][vc_masonry_media_grid gap=&#8221;3&#8243; item=&#8221;mediaGrid_Default&#8221; initial_loading_animation=&#8221;fadeIn&#8221; grid_id=&#8221;vc_gid:1657797897130-715cc38b-eee7-7&#8243; include=&#8221;7303,3364,3366,3365,7305,7307&#8243;][\/vc_tta_section][vc_tta_section title=&#8221;TRIPAVDISOR&#8221; tab_id=&#8221;tripadvisor&#8221;][vc_empty_space height=&#8221;40px&#8221;][vc_column_text]<\/p>\n<h2 style=\"text-align: center;\"><span style=\"color: black;\">H\u00f4tel<\/span><\/h2>\n<h6 style=\"text-align: center;\"><em><span style=\"color: #950048;\">Voici les\u00a0commentaires<\/span><\/em><\/h6>\n<p>[\/vc_column_text][vc_single_image image=&#8221;803&#8243; img_size=&#8221;full&#8221; alignment=&#8221;center&#8221; onclick=&#8221;custom_link&#8221; img_link_target=&#8221;_blank&#8221; lazy_loading=&#8221;true&#8221; css=&#8221;.vc_custom_1465912168104{margin-top: 5px !important;}&#8221; link=&#8221;https:\/\/www.tripadvisor.ch\/Hotel_Review-g580373-d598083-Reviews-Hotel_Arkanum-Salgesch_Canton_of_Valais_Swiss_Alps.html&#8221;][\/vc_tta_section][vc_tta_section title=&#8221;CONTACT&#8221; tab_id=&#8221;contact&#8221;][vc_empty_space height=&#8221;40px&#8221;][vc_column_text]<\/p>\n<h2 style=\"text-align: center;\"><span style=\"color: black;\">Contact<\/span><\/h2>\n<h6 style=\"text-align: center;\"><em><span style=\"color: #950048;\">Contactez-nous<\/span><\/em><\/h6>\n<p>[\/vc_column_text][vc_row_inner][vc_column_inner][vc_column_text]<\/p>\n<p style=\"text-align: center;\"><strong>Hotel Arkanum<\/strong><br \/>\nUnterdorfstrasse 1<br \/>\n3970 Salgesch<br \/>\n<a href=\"tel:+41274512100\">+41 (0)27 451 21 00<\/a><\/p>\n<p style=\"text-align: center;\"><a href=\"mailto:info@hotelarkanum.ch\">info@hotelarkanum.ch<\/a><\/p>\n<p style=\"text-align: center;\"><a href=\"https:\/\/hotelarkanum.ch\" target=\"_blank\" rel=\"noopener\">www.hotelarkanum.ch<\/a><\/p>\n<p>[\/vc_column_text][\/vc_column_inner][\/vc_row_inner][\/vc_tta_section][\/vc_tta_tabs][\/vc_column][\/vc_row]<\/p>\n<\/div>","protected":false},"excerpt":{"rendered":"<p>[vc_row][vc_column][vc_empty_space][vc_column_text] Notre passion &#8211; Votre plaisir Hotel Arkanum [\/vc_column_text][vc_empty_space height=&#8221;45px&#8221;][\/vc_column][\/vc_row][vc_row][vc_column width=&#8221;1\/4&#8243; offset=&#8221;vc_col-xs-6&#8243;][vc_single_image image=&#8221;1617&#8243; img_size=&#8221;80&#215;80&#8243; alignment=&#8221;center&#8221; css_animation=&#8221;fadeInDown&#8221;][vc_column_text] Lieu Unterdorfstrasse 1,\u00a0Centre du village [\/vc_column_text][\/vc_column][vc_column width=&#8221;1\/4&#8243; offset=&#8221;vc_col-xs-6&#8243;][vc_single_image image=&#8221;1616&#8243; img_size=&#8221;80&#215;80&#8243; alignment=&#8221;center&#8221; css_animation=&#8221;fadeInDown&#8221;][vc_column_text] Types de chambres Chambres\u00a0standards et d&#8217;ambiance [\/vc_column_text][\/vc_column][vc_column width=&#8221;1\/4&#8243; offset=&#8221;vc_col-xs-6&#8243;][vc_single_image image=&#8221;1609&#8243; img_size=&#8221;80&#215;80&#8243; alignment=&#8221;center&#8221; css_animation=&#8221;fadeInDown&#8221;][vc_column_text] Cuisine Plats r\u00e9gionaux [\/vc_column_text][\/vc_column][vc_column width=&#8221;1\/4&#8243; offset=&#8221;vc_col-xs-6&#8243;][vc_single_image image=&#8221;1619&#8243; img_size=&#8221;80&#215;80&#8243; alignment=&#8221;center&#8221; css_animation=&#8221;fadeInDown&#8221;][vc_column_text] R\u00e9servation +41 (0)27 451&hellip;<\/p>\n","protected":false},"author":1,"featured_media":4913,"comment_status":"closed","ping_status":"closed","template":"","dt_portfolio_category":[15,16],"dt_portfolio_tags":[],"class_list":["post-2050","dt_portfolio","type-dt_portfolio","status-publish","has-post-thumbnail","hentry","dt_portfolio_category-gastronomie-fr","dt_portfolio_category-hotellerie-fr","dt_portfolio_category-15","dt_portfolio_category-16","description-off"],"yoast_head":"<!-- This site is optimized with the Yoast SEO plugin v27.5 - https:\/\/yoast.com\/product\/yoast-seo-wordpress\/ -->\n<title>HOTEL ARKANUM - Salgesch I Salquenen<\/title>\n<meta name=\"robots\" content=\"index, follow, max-snippet:-1, max-image-preview:large, max-video-preview:-1\" \/>\n<link rel=\"canonical\" href=\"https:\/\/salgesch.ch\/fr\/gastronomie-fr\/hotel-arkanum\/\" \/>\n<meta property=\"og:locale\" content=\"fr_FR\" \/>\n<meta property=\"og:type\" content=\"article\" \/>\n<meta property=\"og:title\" content=\"HOTEL ARKANUM - Salgesch I Salquenen\" \/>\n<meta property=\"og:description\" content=\"[vc_row][vc_column][vc_empty_space][vc_column_text] Notre passion &#8211; Votre plaisir Hotel Arkanum [\/vc_column_text][vc_empty_space height=&#8221;45px&#8221;][\/vc_column][\/vc_row][vc_row][vc_column width=&#8221;1\/4&#8243; offset=&#8221;vc_col-xs-6&#8243;][vc_single_image image=&#8221;1617&#8243; img_size=&#8221;80&#215;80&#8243; alignment=&#8221;center&#8221; css_animation=&#8221;fadeInDown&#8221;][vc_column_text] Lieu Unterdorfstrasse 1,\u00a0Centre du village [\/vc_column_text][\/vc_column][vc_column width=&#8221;1\/4&#8243; offset=&#8221;vc_col-xs-6&#8243;][vc_single_image image=&#8221;1616&#8243; img_size=&#8221;80&#215;80&#8243; alignment=&#8221;center&#8221; css_animation=&#8221;fadeInDown&#8221;][vc_column_text] Types de chambres Chambres\u00a0standards et d&#8217;ambiance [\/vc_column_text][\/vc_column][vc_column width=&#8221;1\/4&#8243; offset=&#8221;vc_col-xs-6&#8243;][vc_single_image image=&#8221;1609&#8243; img_size=&#8221;80&#215;80&#8243; alignment=&#8221;center&#8221; css_animation=&#8221;fadeInDown&#8221;][vc_column_text] Cuisine Plats r\u00e9gionaux [\/vc_column_text][\/vc_column][vc_column width=&#8221;1\/4&#8243; offset=&#8221;vc_col-xs-6&#8243;][vc_single_image image=&#8221;1619&#8243; img_size=&#8221;80&#215;80&#8243; alignment=&#8221;center&#8221; css_animation=&#8221;fadeInDown&#8221;][vc_column_text] R\u00e9servation +41 (0)27 451&hellip;\" \/>\n<meta property=\"og:url\" content=\"https:\/\/salgesch.ch\/fr\/gastronomie-fr\/hotel-arkanum\/\" \/>\n<meta property=\"og:site_name\" content=\"Salgesch I Salquenen\" \/>\n<meta property=\"article:modified_time\" content=\"2022-07-14T11:25:02+00:00\" \/>\n<meta property=\"og:image\" content=\"https:\/\/salgesch.ch\/wp-content\/uploads\/2016\/06\/Fasszimmer_HotelArkanum_VioPhoto.web_.jpg\" \/>\n\t<meta property=\"og:image:width\" content=\"1048\" \/>\n\t<meta property=\"og:image:height\" content=\"699\" \/>\n\t<meta property=\"og:image:type\" content=\"image\/jpeg\" \/>\n<meta name=\"twitter:card\" content=\"summary_large_image\" \/>\n<meta name=\"twitter:label1\" content=\"Est. reading time\" \/>\n\t<meta name=\"twitter:data1\" content=\"2 minutes\" \/>\n<script type=\"application\/ld+json\" class=\"yoast-schema-graph\">{\"@context\":\"https:\\\/\\\/schema.org\",\"@graph\":[{\"@type\":\"WebPage\",\"@id\":\"https:\\\/\\\/salgesch.ch\\\/fr\\\/gastronomie-fr\\\/hotel-arkanum\\\/\",\"url\":\"https:\\\/\\\/salgesch.ch\\\/fr\\\/gastronomie-fr\\\/hotel-arkanum\\\/\",\"name\":\"HOTEL ARKANUM - Salgesch I Salquenen\",\"isPartOf\":{\"@id\":\"https:\\\/\\\/salgesch.ch\\\/fr\\\/#website\"},\"primaryImageOfPage\":{\"@id\":\"https:\\\/\\\/salgesch.ch\\\/fr\\\/gastronomie-fr\\\/hotel-arkanum\\\/#primaryimage\"},\"image\":{\"@id\":\"https:\\\/\\\/salgesch.ch\\\/fr\\\/gastronomie-fr\\\/hotel-arkanum\\\/#primaryimage\"},\"thumbnailUrl\":\"https:\\\/\\\/salgesch.ch\\\/wp-content\\\/uploads\\\/2016\\\/06\\\/Fasszimmer_HotelArkanum_VioPhoto.web_.jpg\",\"datePublished\":\"2016-10-21T09:14:38+00:00\",\"dateModified\":\"2022-07-14T11:25:02+00:00\",\"breadcrumb\":{\"@id\":\"https:\\\/\\\/salgesch.ch\\\/fr\\\/gastronomie-fr\\\/hotel-arkanum\\\/#breadcrumb\"},\"inLanguage\":\"fr-CH\",\"potentialAction\":[{\"@type\":\"ReadAction\",\"target\":[\"https:\\\/\\\/salgesch.ch\\\/fr\\\/gastronomie-fr\\\/hotel-arkanum\\\/\"]}]},{\"@type\":\"ImageObject\",\"inLanguage\":\"fr-CH\",\"@id\":\"https:\\\/\\\/salgesch.ch\\\/fr\\\/gastronomie-fr\\\/hotel-arkanum\\\/#primaryimage\",\"url\":\"https:\\\/\\\/salgesch.ch\\\/wp-content\\\/uploads\\\/2016\\\/06\\\/Fasszimmer_HotelArkanum_VioPhoto.web_.jpg\",\"contentUrl\":\"https:\\\/\\\/salgesch.ch\\\/wp-content\\\/uploads\\\/2016\\\/06\\\/Fasszimmer_HotelArkanum_VioPhoto.web_.jpg\",\"width\":1048,\"height\":699},{\"@type\":\"BreadcrumbList\",\"@id\":\"https:\\\/\\\/salgesch.ch\\\/fr\\\/gastronomie-fr\\\/hotel-arkanum\\\/#breadcrumb\",\"itemListElement\":[{\"@type\":\"ListItem\",\"position\":1,\"name\":\"Startseite\",\"item\":\"https:\\\/\\\/salgesch.ch\\\/fr\\\/\"},{\"@type\":\"ListItem\",\"position\":2,\"name\":\"Portfolio\",\"item\":\"https:\\\/\\\/salgesch.ch\\\/fr\\\/project\\\/\"},{\"@type\":\"ListItem\",\"position\":3,\"name\":\"HOTEL ARKANUM\"}]},{\"@type\":\"WebSite\",\"@id\":\"https:\\\/\\\/salgesch.ch\\\/fr\\\/#website\",\"url\":\"https:\\\/\\\/salgesch.ch\\\/fr\\\/\",\"name\":\"Salgesch I Salquenen\",\"description\":\"Das Weindorf der Schweiz\",\"potentialAction\":[{\"@type\":\"SearchAction\",\"target\":{\"@type\":\"EntryPoint\",\"urlTemplate\":\"https:\\\/\\\/salgesch.ch\\\/fr\\\/?s={search_term_string}\"},\"query-input\":{\"@type\":\"PropertyValueSpecification\",\"valueRequired\":true,\"valueName\":\"search_term_string\"}}],\"inLanguage\":\"fr-CH\"}]}<\/script>\n<!-- \/ Yoast SEO plugin. -->","yoast_head_json":{"title":"HOTEL ARKANUM - Salgesch I Salquenen","robots":{"index":"index","follow":"follow","max-snippet":"max-snippet:-1","max-image-preview":"max-image-preview:large","max-video-preview":"max-video-preview:-1"},"canonical":"https:\/\/salgesch.ch\/fr\/gastronomie-fr\/hotel-arkanum\/","og_locale":"fr_FR","og_type":"article","og_title":"HOTEL ARKANUM - Salgesch I Salquenen","og_description":"[vc_row][vc_column][vc_empty_space][vc_column_text] Notre passion &#8211; Votre plaisir Hotel Arkanum [\/vc_column_text][vc_empty_space height=&#8221;45px&#8221;][\/vc_column][\/vc_row][vc_row][vc_column width=&#8221;1\/4&#8243; offset=&#8221;vc_col-xs-6&#8243;][vc_single_image image=&#8221;1617&#8243; img_size=&#8221;80&#215;80&#8243; alignment=&#8221;center&#8221; css_animation=&#8221;fadeInDown&#8221;][vc_column_text] Lieu Unterdorfstrasse 1,\u00a0Centre du village [\/vc_column_text][\/vc_column][vc_column width=&#8221;1\/4&#8243; offset=&#8221;vc_col-xs-6&#8243;][vc_single_image image=&#8221;1616&#8243; img_size=&#8221;80&#215;80&#8243; alignment=&#8221;center&#8221; css_animation=&#8221;fadeInDown&#8221;][vc_column_text] Types de chambres Chambres\u00a0standards et d&#8217;ambiance [\/vc_column_text][\/vc_column][vc_column width=&#8221;1\/4&#8243; offset=&#8221;vc_col-xs-6&#8243;][vc_single_image image=&#8221;1609&#8243; img_size=&#8221;80&#215;80&#8243; alignment=&#8221;center&#8221; css_animation=&#8221;fadeInDown&#8221;][vc_column_text] Cuisine Plats r\u00e9gionaux [\/vc_column_text][\/vc_column][vc_column width=&#8221;1\/4&#8243; offset=&#8221;vc_col-xs-6&#8243;][vc_single_image image=&#8221;1619&#8243; img_size=&#8221;80&#215;80&#8243; alignment=&#8221;center&#8221; css_animation=&#8221;fadeInDown&#8221;][vc_column_text] R\u00e9servation +41 (0)27 451&hellip;","og_url":"https:\/\/salgesch.ch\/fr\/gastronomie-fr\/hotel-arkanum\/","og_site_name":"Salgesch I Salquenen","article_modified_time":"2022-07-14T11:25:02+00:00","og_image":[{"width":1048,"height":699,"url":"https:\/\/salgesch.ch\/wp-content\/uploads\/2016\/06\/Fasszimmer_HotelArkanum_VioPhoto.web_.jpg","type":"image\/jpeg"}],"twitter_card":"summary_large_image","twitter_misc":{"Est. reading time":"2 minutes"},"schema":{"@context":"https:\/\/schema.org","@graph":[{"@type":"WebPage","@id":"https:\/\/salgesch.ch\/fr\/gastronomie-fr\/hotel-arkanum\/","url":"https:\/\/salgesch.ch\/fr\/gastronomie-fr\/hotel-arkanum\/","name":"HOTEL ARKANUM - Salgesch I Salquenen","isPartOf":{"@id":"https:\/\/salgesch.ch\/fr\/#website"},"primaryImageOfPage":{"@id":"https:\/\/salgesch.ch\/fr\/gastronomie-fr\/hotel-arkanum\/#primaryimage"},"image":{"@id":"https:\/\/salgesch.ch\/fr\/gastronomie-fr\/hotel-arkanum\/#primaryimage"},"thumbnailUrl":"https:\/\/salgesch.ch\/wp-content\/uploads\/2016\/06\/Fasszimmer_HotelArkanum_VioPhoto.web_.jpg","datePublished":"2016-10-21T09:14:38+00:00","dateModified":"2022-07-14T11:25:02+00:00","breadcrumb":{"@id":"https:\/\/salgesch.ch\/fr\/gastronomie-fr\/hotel-arkanum\/#breadcrumb"},"inLanguage":"fr-CH","potentialAction":[{"@type":"ReadAction","target":["https:\/\/salgesch.ch\/fr\/gastronomie-fr\/hotel-arkanum\/"]}]},{"@type":"ImageObject","inLanguage":"fr-CH","@id":"https:\/\/salgesch.ch\/fr\/gastronomie-fr\/hotel-arkanum\/#primaryimage","url":"https:\/\/salgesch.ch\/wp-content\/uploads\/2016\/06\/Fasszimmer_HotelArkanum_VioPhoto.web_.jpg","contentUrl":"https:\/\/salgesch.ch\/wp-content\/uploads\/2016\/06\/Fasszimmer_HotelArkanum_VioPhoto.web_.jpg","width":1048,"height":699},{"@type":"BreadcrumbList","@id":"https:\/\/salgesch.ch\/fr\/gastronomie-fr\/hotel-arkanum\/#breadcrumb","itemListElement":[{"@type":"ListItem","position":1,"name":"Startseite","item":"https:\/\/salgesch.ch\/fr\/"},{"@type":"ListItem","position":2,"name":"Portfolio","item":"https:\/\/salgesch.ch\/fr\/project\/"},{"@type":"ListItem","position":3,"name":"HOTEL ARKANUM"}]},{"@type":"WebSite","@id":"https:\/\/salgesch.ch\/fr\/#website","url":"https:\/\/salgesch.ch\/fr\/","name":"Salgesch I Salquenen","description":"Das Weindorf der Schweiz","potentialAction":[{"@type":"SearchAction","target":{"@type":"EntryPoint","urlTemplate":"https:\/\/salgesch.ch\/fr\/?s={search_term_string}"},"query-input":{"@type":"PropertyValueSpecification","valueRequired":true,"valueName":"search_term_string"}}],"inLanguage":"fr-CH"}]}},"_links":{"self":[{"href":"https:\/\/salgesch.ch\/fr\/wp-json\/wp\/v2\/dt_portfolio\/2050","targetHints":{"allow":["GET"]}}],"collection":[{"href":"https:\/\/salgesch.ch\/fr\/wp-json\/wp\/v2\/dt_portfolio"}],"about":[{"href":"https:\/\/salgesch.ch\/fr\/wp-json\/wp\/v2\/types\/dt_portfolio"}],"author":[{"embeddable":true,"href":"https:\/\/salgesch.ch\/fr\/wp-json\/wp\/v2\/users\/1"}],"replies":[{"embeddable":true,"href":"https:\/\/salgesch.ch\/fr\/wp-json\/wp\/v2\/comments?post=2050"}],"version-history":[{"count":6,"href":"https:\/\/salgesch.ch\/fr\/wp-json\/wp\/v2\/dt_portfolio\/2050\/revisions"}],"predecessor-version":[{"id":7665,"href":"https:\/\/salgesch.ch\/fr\/wp-json\/wp\/v2\/dt_portfolio\/2050\/revisions\/7665"}],"wp:featuredmedia":[{"embeddable":true,"href":"https:\/\/salgesch.ch\/fr\/wp-json\/wp\/v2\/media\/4913"}],"wp:attachment":[{"href":"https:\/\/salgesch.ch\/fr\/wp-json\/wp\/v2\/media?parent=2050"}],"wp:term":[{"taxonomy":"dt_portfolio_category","embeddable":true,"href":"https:\/\/salgesch.ch\/fr\/wp-json\/wp\/v2\/dt_portfolio_category?post=2050"},{"taxonomy":"dt_portfolio_tags","embeddable":true,"href":"https:\/\/salgesch.ch\/fr\/wp-json\/wp\/v2\/dt_portfolio_tags?post=2050"}],"curies":[{"name":"wp","href":"https:\/\/api.w.org\/{rel}","templated":true}]}}