{"id":2056,"date":"2016-10-21T10:05:07","date_gmt":"2016-10-21T10:05:07","guid":{"rendered":"http:\/\/salgesch.ch\/fr\/?post_type=dt_portfolio&#038;p=2056"},"modified":"2023-05-02T07:12:43","modified_gmt":"2023-05-02T07:12:43","slug":"restaurant-barrique","status":"publish","type":"dt_portfolio","link":"https:\/\/salgesch.ch\/fr\/gastronomie-fr\/restaurant-barrique\/","title":{"rendered":"RESTAURANT BARRIQUE"},"content":{"rendered":"<div class=\"wpb-content-wrapper\"><p>[vc_row][vc_column][vc_empty_space][vc_column_text]<\/p>\n<h5 style=\"text-align: center;\"><span style=\"color: #950048;\">Raclette &amp;\u00a0Vin<\/span><\/h5>\n<h2 style=\"text-align: center;\"><strong><span style=\"color: black;\">Restaurant Barrique<\/span><\/strong><\/h2>\n<p>[\/vc_column_text][vc_empty_space height=&#8221;45px&#8221;][\/vc_column][\/vc_row][vc_row][vc_column width=&#8221;1\/4&#8243; offset=&#8221;vc_col-xs-6&#8243;][vc_single_image image=&#8221;1617&#8243; img_size=&#8221;80&#215;80&#8243; alignment=&#8221;center&#8221; css_animation=&#8221;fadeInDown&#8221;][vc_column_text]<\/p>\n<p style=\"text-align: center;\"><strong><span style=\"color: black;\">Lieu<\/span><\/strong><\/p>\n<p style=\"text-align: center;\"><span style=\"color: #333333;\">Dorfstrasse 9, Centre du village<\/span><\/p>\n<p>[\/vc_column_text][\/vc_column][vc_column width=&#8221;1\/4&#8243; offset=&#8221;vc_col-xs-6&#8243;][vc_single_image image=&#8221;1616&#8243; img_size=&#8221;80&#215;80&#8243; alignment=&#8221;center&#8221; css_animation=&#8221;fadeInDown&#8221;][vc_column_text]<\/p>\n<p style=\"text-align: center;\"><strong><span style=\"color: black;\">Heures d&#8217;ouverture<\/span><\/strong><\/p>\n<p style=\"text-align: center;\">Sur demande<\/p>\n<p>[\/vc_column_text][\/vc_column][vc_column width=&#8221;1\/4&#8243; offset=&#8221;vc_col-xs-6&#8243;][vc_single_image image=&#8221;1609&#8243; img_size=&#8221;80&#215;80&#8243; alignment=&#8221;center&#8221; css_animation=&#8221;fadeInDown&#8221;][vc_column_text]<\/p>\n<p style=\"text-align: center;\"><strong><span style=\"color: black;\">Cuisine<\/span><\/strong><\/p>\n<p style=\"text-align: center;\"><span style=\"color: #333333;\">Plats valaisannes<\/span><\/p>\n<p>[\/vc_column_text][\/vc_column][vc_column width=&#8221;1\/4&#8243; offset=&#8221;vc_col-xs-6&#8243;][vc_single_image image=&#8221;1611&#8243; img_size=&#8221;80&#215;80&#8243; alignment=&#8221;center&#8221; css_animation=&#8221;fadeInDown&#8221;][vc_column_text]<\/p>\n<p style=\"text-align: center;\"><strong><span style=\"color: black;\">R\u00e9servation<\/span><\/strong><\/p>\n<p style=\"text-align: center;\"><a href=\"tel:+41274555560\"><strong><span style=\"color: black;\">\u00a0<\/span><\/strong><span style=\"color: #333333;\">+41 (0)27 455 55 60<\/span><\/a><\/p>\n<p>[\/vc_column_text][\/vc_column][\/vc_row][vc_row][vc_column][vc_empty_space height=&#8221;45px&#8221;][vc_tta_tabs style=&#8221;flat&#8221; shape=&#8221;square&#8221; color=&#8221;white&#8221; alignment=&#8221;center&#8221; active_section=&#8221;1&#8243; pagination_style=&#8221;flat-round&#8221; no_fill_content_area=&#8221;true&#8221;][vc_tta_section title=&#8221;\u00c0 PROPOS&#8221; tab_id=&#8221;a-propos&#8221;][vc_empty_space height=&#8221;40px&#8221;][vc_column_text]<\/p>\n<h2 style=\"text-align: center;\"><span style=\"color: black;\">\u00c0 propos<\/span><\/h2>\n<h6 style=\"text-align: center;\"><em><span style=\"color: #950048;\">Raclette &amp;\u00a0Vin<\/span><\/em><\/h6>\n<p>[\/vc_column_text][vc_column_text css=&#8221;.vc_custom_1563266593086{margin-top: 50px !important;margin-right: 50px !important;margin-bottom: 50px !important;margin-left: 50px !important;}&#8221;]<\/p>\n<p style=\"text-align: center;\">Laissez-vous choyer dans notre restaurant Barrique \u00ab Vin &amp; Raclette \u00bb avec une s\u00e9lection de sp\u00e9cialit\u00e9s culinaires valaisannes et de vins de la maison. \u00c0 seulement 700m de nos vignes familiales dans le centre de Salgesch, nous vous offrons une ambiance rustique tout en style avec 40 places pour groupes et visiteurs individuels qui cherchent \u00e0 passer un moment inimitable.<\/p>\n<p style=\"text-align: center;\">La famille Mathier et son \u00e9quipe se r\u00e9jouissent d\u00e9j\u00e0 de votre visite.<\/p>\n<p>[\/vc_column_text][\/vc_tta_section][vc_tta_section title=&#8221;GALERIE&#8221; tab_id=&#8221;galerie&#8221;][vc_empty_space height=&#8221;40px&#8221;][vc_column_text]<\/p>\n<h2 style=\"text-align: center;\"><span style=\"color: black;\">Galerie<\/span><\/h2>\n<h6 style=\"text-align: center;\"><em><span style=\"color: #950048;\">Quelques impressions<\/span><\/em><\/h6>\n<p>[\/vc_column_text][vc_masonry_media_grid gap=&#8221;3&#8243; item=&#8221;mediaGrid_Default&#8221; initial_loading_animation=&#8221;fadeIn&#8221; grid_id=&#8221;vc_gid:1683011544618-76c7a232-5692-10&#8243; include=&#8221;1019,1020,1704&#8243;][\/vc_tta_section][vc_tta_section title=&#8221;CONTACT&#8221; tab_id=&#8221;contact&#8221;][vc_empty_space height=&#8221;40px&#8221;][vc_column_text]<\/p>\n<h2 style=\"text-align: center;\"><span style=\"color: black;\">Contact<\/span><\/h2>\n<h6 style=\"text-align: center;\"><em><span style=\"color: #950048;\">Contactez-nous<\/span><\/em><\/h6>\n<p>[\/vc_column_text][vc_row_inner][vc_column_inner][vc_column_text]<\/p>\n<p style=\"text-align: center;\"><strong>Restaurant Barrique<\/strong><br \/>\nDorfstrasse 9<br \/>\n3970 Salgesch<br \/>\n<a href=\"tel:+41274555560\">+41 (0)27 455 55 60<\/a><\/p>\n<p style=\"text-align: center;\"><a href=\"mailto:info@mathier.com\">info@mathier.com<\/a><\/p>\n<p>[\/vc_column_text][vc_empty_space height=&#8221;40px&#8221;][\/vc_column_inner][\/vc_row_inner][\/vc_tta_section][\/vc_tta_tabs][\/vc_column][\/vc_row]<\/p>\n<\/div>","protected":false},"excerpt":{"rendered":"<p>[vc_row][vc_column][vc_empty_space][vc_column_text] Raclette &amp;\u00a0Vin Restaurant Barrique [\/vc_column_text][vc_empty_space height=&#8221;45px&#8221;][\/vc_column][\/vc_row][vc_row][vc_column width=&#8221;1\/4&#8243; offset=&#8221;vc_col-xs-6&#8243;][vc_single_image image=&#8221;1617&#8243; img_size=&#8221;80&#215;80&#8243; alignment=&#8221;center&#8221; css_animation=&#8221;fadeInDown&#8221;][vc_column_text] Lieu Dorfstrasse 9, Centre du village [\/vc_column_text][\/vc_column][vc_column width=&#8221;1\/4&#8243; offset=&#8221;vc_col-xs-6&#8243;][vc_single_image image=&#8221;1616&#8243; img_size=&#8221;80&#215;80&#8243; alignment=&#8221;center&#8221; css_animation=&#8221;fadeInDown&#8221;][vc_column_text] Heures d&#8217;ouverture Sur demande [\/vc_column_text][\/vc_column][vc_column width=&#8221;1\/4&#8243; offset=&#8221;vc_col-xs-6&#8243;][vc_single_image image=&#8221;1609&#8243; img_size=&#8221;80&#215;80&#8243; alignment=&#8221;center&#8221; css_animation=&#8221;fadeInDown&#8221;][vc_column_text] Cuisine Plats valaisannes [\/vc_column_text][\/vc_column][vc_column width=&#8221;1\/4&#8243; offset=&#8221;vc_col-xs-6&#8243;][vc_single_image image=&#8221;1611&#8243; img_size=&#8221;80&#215;80&#8243; alignment=&#8221;center&#8221; css_animation=&#8221;fadeInDown&#8221;][vc_column_text] R\u00e9servation \u00a0+41 (0)27 455 55 60 [\/vc_column_text][\/vc_column][\/vc_row][vc_row][vc_column][vc_empty_space height=&#8221;45px&#8221;][vc_tta_tabs&hellip;<\/p>\n","protected":false},"author":1,"featured_media":4419,"comment_status":"closed","ping_status":"closed","template":"","dt_portfolio_category":[15],"dt_portfolio_tags":[],"class_list":["post-2056","dt_portfolio","type-dt_portfolio","status-publish","has-post-thumbnail","hentry","dt_portfolio_category-gastronomie-fr","dt_portfolio_category-15","description-off"],"yoast_head":"<!-- This site is optimized with the Yoast SEO plugin v27.4 - https:\/\/yoast.com\/product\/yoast-seo-wordpress\/ -->\n<title>RESTAURANT BARRIQUE - Salgesch I Salquenen<\/title>\n<meta name=\"robots\" content=\"index, follow, max-snippet:-1, max-image-preview:large, max-video-preview:-1\" \/>\n<link rel=\"canonical\" href=\"https:\/\/salgesch.ch\/fr\/gastronomie-fr\/restaurant-barrique\/\" \/>\n<meta property=\"og:locale\" content=\"fr_FR\" \/>\n<meta property=\"og:type\" content=\"article\" \/>\n<meta property=\"og:title\" content=\"RESTAURANT BARRIQUE - Salgesch I Salquenen\" \/>\n<meta property=\"og:description\" content=\"[vc_row][vc_column][vc_empty_space][vc_column_text] Raclette &amp;\u00a0Vin Restaurant Barrique [\/vc_column_text][vc_empty_space height=&#8221;45px&#8221;][\/vc_column][\/vc_row][vc_row][vc_column width=&#8221;1\/4&#8243; offset=&#8221;vc_col-xs-6&#8243;][vc_single_image image=&#8221;1617&#8243; img_size=&#8221;80&#215;80&#8243; alignment=&#8221;center&#8221; css_animation=&#8221;fadeInDown&#8221;][vc_column_text] Lieu Dorfstrasse 9, Centre du village [\/vc_column_text][\/vc_column][vc_column width=&#8221;1\/4&#8243; offset=&#8221;vc_col-xs-6&#8243;][vc_single_image image=&#8221;1616&#8243; img_size=&#8221;80&#215;80&#8243; alignment=&#8221;center&#8221; css_animation=&#8221;fadeInDown&#8221;][vc_column_text] Heures d&#8217;ouverture Sur demande [\/vc_column_text][\/vc_column][vc_column width=&#8221;1\/4&#8243; offset=&#8221;vc_col-xs-6&#8243;][vc_single_image image=&#8221;1609&#8243; img_size=&#8221;80&#215;80&#8243; alignment=&#8221;center&#8221; css_animation=&#8221;fadeInDown&#8221;][vc_column_text] Cuisine Plats valaisannes [\/vc_column_text][\/vc_column][vc_column width=&#8221;1\/4&#8243; offset=&#8221;vc_col-xs-6&#8243;][vc_single_image image=&#8221;1611&#8243; img_size=&#8221;80&#215;80&#8243; alignment=&#8221;center&#8221; css_animation=&#8221;fadeInDown&#8221;][vc_column_text] R\u00e9servation \u00a0+41 (0)27 455 55 60 [\/vc_column_text][\/vc_column][\/vc_row][vc_row][vc_column][vc_empty_space height=&#8221;45px&#8221;][vc_tta_tabs&hellip;\" \/>\n<meta property=\"og:url\" content=\"https:\/\/salgesch.ch\/fr\/gastronomie-fr\/restaurant-barrique\/\" \/>\n<meta property=\"og:site_name\" content=\"Salgesch I Salquenen\" \/>\n<meta property=\"article:modified_time\" content=\"2023-05-02T07:12:43+00:00\" \/>\n<meta property=\"og:image\" content=\"https:\/\/salgesch.ch\/wp-content\/uploads\/2016\/06\/restaurant-barrique.jpg\" \/>\n\t<meta property=\"og:image:width\" content=\"550\" \/>\n\t<meta property=\"og:image:height\" content=\"366\" \/>\n\t<meta property=\"og:image:type\" content=\"image\/jpeg\" \/>\n<meta name=\"twitter:card\" content=\"summary_large_image\" \/>\n<meta name=\"twitter:label1\" content=\"Est. reading time\" \/>\n\t<meta name=\"twitter:data1\" content=\"2 minutes\" \/>\n<script type=\"application\/ld+json\" class=\"yoast-schema-graph\">{\"@context\":\"https:\\\/\\\/schema.org\",\"@graph\":[{\"@type\":\"WebPage\",\"@id\":\"https:\\\/\\\/salgesch.ch\\\/fr\\\/gastronomie-fr\\\/restaurant-barrique\\\/\",\"url\":\"https:\\\/\\\/salgesch.ch\\\/fr\\\/gastronomie-fr\\\/restaurant-barrique\\\/\",\"name\":\"RESTAURANT BARRIQUE - Salgesch I Salquenen\",\"isPartOf\":{\"@id\":\"https:\\\/\\\/salgesch.ch\\\/fr\\\/#website\"},\"primaryImageOfPage\":{\"@id\":\"https:\\\/\\\/salgesch.ch\\\/fr\\\/gastronomie-fr\\\/restaurant-barrique\\\/#primaryimage\"},\"image\":{\"@id\":\"https:\\\/\\\/salgesch.ch\\\/fr\\\/gastronomie-fr\\\/restaurant-barrique\\\/#primaryimage\"},\"thumbnailUrl\":\"https:\\\/\\\/salgesch.ch\\\/wp-content\\\/uploads\\\/2016\\\/06\\\/restaurant-barrique.jpg\",\"datePublished\":\"2016-10-21T10:05:07+00:00\",\"dateModified\":\"2023-05-02T07:12:43+00:00\",\"breadcrumb\":{\"@id\":\"https:\\\/\\\/salgesch.ch\\\/fr\\\/gastronomie-fr\\\/restaurant-barrique\\\/#breadcrumb\"},\"inLanguage\":\"fr-CH\",\"potentialAction\":[{\"@type\":\"ReadAction\",\"target\":[\"https:\\\/\\\/salgesch.ch\\\/fr\\\/gastronomie-fr\\\/restaurant-barrique\\\/\"]}]},{\"@type\":\"ImageObject\",\"inLanguage\":\"fr-CH\",\"@id\":\"https:\\\/\\\/salgesch.ch\\\/fr\\\/gastronomie-fr\\\/restaurant-barrique\\\/#primaryimage\",\"url\":\"https:\\\/\\\/salgesch.ch\\\/wp-content\\\/uploads\\\/2016\\\/06\\\/restaurant-barrique.jpg\",\"contentUrl\":\"https:\\\/\\\/salgesch.ch\\\/wp-content\\\/uploads\\\/2016\\\/06\\\/restaurant-barrique.jpg\",\"width\":550,\"height\":366},{\"@type\":\"BreadcrumbList\",\"@id\":\"https:\\\/\\\/salgesch.ch\\\/fr\\\/gastronomie-fr\\\/restaurant-barrique\\\/#breadcrumb\",\"itemListElement\":[{\"@type\":\"ListItem\",\"position\":1,\"name\":\"Startseite\",\"item\":\"https:\\\/\\\/salgesch.ch\\\/fr\\\/\"},{\"@type\":\"ListItem\",\"position\":2,\"name\":\"Portfolio\",\"item\":\"https:\\\/\\\/salgesch.ch\\\/fr\\\/project\\\/\"},{\"@type\":\"ListItem\",\"position\":3,\"name\":\"RESTAURANT BARRIQUE\"}]},{\"@type\":\"WebSite\",\"@id\":\"https:\\\/\\\/salgesch.ch\\\/fr\\\/#website\",\"url\":\"https:\\\/\\\/salgesch.ch\\\/fr\\\/\",\"name\":\"Salgesch I Salquenen\",\"description\":\"Das Weindorf der Schweiz\",\"potentialAction\":[{\"@type\":\"SearchAction\",\"target\":{\"@type\":\"EntryPoint\",\"urlTemplate\":\"https:\\\/\\\/salgesch.ch\\\/fr\\\/?s={search_term_string}\"},\"query-input\":{\"@type\":\"PropertyValueSpecification\",\"valueRequired\":true,\"valueName\":\"search_term_string\"}}],\"inLanguage\":\"fr-CH\"}]}<\/script>\n<!-- \/ Yoast SEO plugin. -->","yoast_head_json":{"title":"RESTAURANT BARRIQUE - Salgesch I Salquenen","robots":{"index":"index","follow":"follow","max-snippet":"max-snippet:-1","max-image-preview":"max-image-preview:large","max-video-preview":"max-video-preview:-1"},"canonical":"https:\/\/salgesch.ch\/fr\/gastronomie-fr\/restaurant-barrique\/","og_locale":"fr_FR","og_type":"article","og_title":"RESTAURANT BARRIQUE - Salgesch I Salquenen","og_description":"[vc_row][vc_column][vc_empty_space][vc_column_text] Raclette &amp;\u00a0Vin Restaurant Barrique [\/vc_column_text][vc_empty_space height=&#8221;45px&#8221;][\/vc_column][\/vc_row][vc_row][vc_column width=&#8221;1\/4&#8243; offset=&#8221;vc_col-xs-6&#8243;][vc_single_image image=&#8221;1617&#8243; img_size=&#8221;80&#215;80&#8243; alignment=&#8221;center&#8221; css_animation=&#8221;fadeInDown&#8221;][vc_column_text] Lieu Dorfstrasse 9, Centre du village [\/vc_column_text][\/vc_column][vc_column width=&#8221;1\/4&#8243; offset=&#8221;vc_col-xs-6&#8243;][vc_single_image image=&#8221;1616&#8243; img_size=&#8221;80&#215;80&#8243; alignment=&#8221;center&#8221; css_animation=&#8221;fadeInDown&#8221;][vc_column_text] Heures d&#8217;ouverture Sur demande [\/vc_column_text][\/vc_column][vc_column width=&#8221;1\/4&#8243; offset=&#8221;vc_col-xs-6&#8243;][vc_single_image image=&#8221;1609&#8243; img_size=&#8221;80&#215;80&#8243; alignment=&#8221;center&#8221; css_animation=&#8221;fadeInDown&#8221;][vc_column_text] Cuisine Plats valaisannes [\/vc_column_text][\/vc_column][vc_column width=&#8221;1\/4&#8243; offset=&#8221;vc_col-xs-6&#8243;][vc_single_image image=&#8221;1611&#8243; img_size=&#8221;80&#215;80&#8243; alignment=&#8221;center&#8221; css_animation=&#8221;fadeInDown&#8221;][vc_column_text] R\u00e9servation \u00a0+41 (0)27 455 55 60 [\/vc_column_text][\/vc_column][\/vc_row][vc_row][vc_column][vc_empty_space height=&#8221;45px&#8221;][vc_tta_tabs&hellip;","og_url":"https:\/\/salgesch.ch\/fr\/gastronomie-fr\/restaurant-barrique\/","og_site_name":"Salgesch I Salquenen","article_modified_time":"2023-05-02T07:12:43+00:00","og_image":[{"width":550,"height":366,"url":"https:\/\/salgesch.ch\/wp-content\/uploads\/2016\/06\/restaurant-barrique.jpg","type":"image\/jpeg"}],"twitter_card":"summary_large_image","twitter_misc":{"Est. reading time":"2 minutes"},"schema":{"@context":"https:\/\/schema.org","@graph":[{"@type":"WebPage","@id":"https:\/\/salgesch.ch\/fr\/gastronomie-fr\/restaurant-barrique\/","url":"https:\/\/salgesch.ch\/fr\/gastronomie-fr\/restaurant-barrique\/","name":"RESTAURANT BARRIQUE - Salgesch I Salquenen","isPartOf":{"@id":"https:\/\/salgesch.ch\/fr\/#website"},"primaryImageOfPage":{"@id":"https:\/\/salgesch.ch\/fr\/gastronomie-fr\/restaurant-barrique\/#primaryimage"},"image":{"@id":"https:\/\/salgesch.ch\/fr\/gastronomie-fr\/restaurant-barrique\/#primaryimage"},"thumbnailUrl":"https:\/\/salgesch.ch\/wp-content\/uploads\/2016\/06\/restaurant-barrique.jpg","datePublished":"2016-10-21T10:05:07+00:00","dateModified":"2023-05-02T07:12:43+00:00","breadcrumb":{"@id":"https:\/\/salgesch.ch\/fr\/gastronomie-fr\/restaurant-barrique\/#breadcrumb"},"inLanguage":"fr-CH","potentialAction":[{"@type":"ReadAction","target":["https:\/\/salgesch.ch\/fr\/gastronomie-fr\/restaurant-barrique\/"]}]},{"@type":"ImageObject","inLanguage":"fr-CH","@id":"https:\/\/salgesch.ch\/fr\/gastronomie-fr\/restaurant-barrique\/#primaryimage","url":"https:\/\/salgesch.ch\/wp-content\/uploads\/2016\/06\/restaurant-barrique.jpg","contentUrl":"https:\/\/salgesch.ch\/wp-content\/uploads\/2016\/06\/restaurant-barrique.jpg","width":550,"height":366},{"@type":"BreadcrumbList","@id":"https:\/\/salgesch.ch\/fr\/gastronomie-fr\/restaurant-barrique\/#breadcrumb","itemListElement":[{"@type":"ListItem","position":1,"name":"Startseite","item":"https:\/\/salgesch.ch\/fr\/"},{"@type":"ListItem","position":2,"name":"Portfolio","item":"https:\/\/salgesch.ch\/fr\/project\/"},{"@type":"ListItem","position":3,"name":"RESTAURANT BARRIQUE"}]},{"@type":"WebSite","@id":"https:\/\/salgesch.ch\/fr\/#website","url":"https:\/\/salgesch.ch\/fr\/","name":"Salgesch I Salquenen","description":"Das Weindorf der Schweiz","potentialAction":[{"@type":"SearchAction","target":{"@type":"EntryPoint","urlTemplate":"https:\/\/salgesch.ch\/fr\/?s={search_term_string}"},"query-input":{"@type":"PropertyValueSpecification","valueRequired":true,"valueName":"search_term_string"}}],"inLanguage":"fr-CH"}]}},"_links":{"self":[{"href":"https:\/\/salgesch.ch\/fr\/wp-json\/wp\/v2\/dt_portfolio\/2056","targetHints":{"allow":["GET"]}}],"collection":[{"href":"https:\/\/salgesch.ch\/fr\/wp-json\/wp\/v2\/dt_portfolio"}],"about":[{"href":"https:\/\/salgesch.ch\/fr\/wp-json\/wp\/v2\/types\/dt_portfolio"}],"author":[{"embeddable":true,"href":"https:\/\/salgesch.ch\/fr\/wp-json\/wp\/v2\/users\/1"}],"replies":[{"embeddable":true,"href":"https:\/\/salgesch.ch\/fr\/wp-json\/wp\/v2\/comments?post=2056"}],"version-history":[{"count":5,"href":"https:\/\/salgesch.ch\/fr\/wp-json\/wp\/v2\/dt_portfolio\/2056\/revisions"}],"predecessor-version":[{"id":8080,"href":"https:\/\/salgesch.ch\/fr\/wp-json\/wp\/v2\/dt_portfolio\/2056\/revisions\/8080"}],"wp:featuredmedia":[{"embeddable":true,"href":"https:\/\/salgesch.ch\/fr\/wp-json\/wp\/v2\/media\/4419"}],"wp:attachment":[{"href":"https:\/\/salgesch.ch\/fr\/wp-json\/wp\/v2\/media?parent=2056"}],"wp:term":[{"taxonomy":"dt_portfolio_category","embeddable":true,"href":"https:\/\/salgesch.ch\/fr\/wp-json\/wp\/v2\/dt_portfolio_category?post=2056"},{"taxonomy":"dt_portfolio_tags","embeddable":true,"href":"https:\/\/salgesch.ch\/fr\/wp-json\/wp\/v2\/dt_portfolio_tags?post=2056"}],"curies":[{"name":"wp","href":"https:\/\/api.w.org\/{rel}","templated":true}]}}