{"id":2066,"date":"2016-10-21T11:11:18","date_gmt":"2016-10-21T11:11:18","guid":{"rendered":"http:\/\/salgesch.ch\/fr\/?post_type=dt_portfolio&#038;p=2066"},"modified":"2023-11-20T14:13:56","modified_gmt":"2023-11-20T14:13:56","slug":"johanniterkellerei","status":"publish","type":"dt_portfolio","link":"https:\/\/salgesch.ch\/fr\/caves\/johanniterkellerei\/","title":{"rendered":"JOHANNITERKELLEREI"},"content":{"rendered":"<div class=\"wpb-content-wrapper\"><p>[vc_row][vc_column][vc_empty_space][vc_column_text]<\/p>\n<h5 style=\"text-align: center;\"><span style=\"color: #950048;\">Une palette \u00e9poustouflante<\/span><\/h5>\n<h2 style=\"text-align: center;\"><span style=\"color: black;\">Johanniterkellerei<\/span><\/h2>\n<p>[\/vc_column_text][vc_empty_space height=&#8221;20px&#8221;][\/vc_column][\/vc_row][vc_row][vc_column][vc_tta_tabs style=&#8221;flat&#8221; shape=&#8221;square&#8221; color=&#8221;white&#8221; alignment=&#8221;center&#8221; active_section=&#8221;1&#8243; pagination_style=&#8221;flat-round&#8221; no_fill_content_area=&#8221;true&#8221;][vc_tta_section title=&#8221;\u00c0 PROPOS&#8221; tab_id=&#8221;a-propos&#8221;][vc_empty_space height=&#8221;40px&#8221;][vc_column_text]<\/p>\n<h2 style=\"text-align: center;\"><strong><span style=\"color: black;\">\u00c0 propos<\/span><\/strong><\/h2>\n<h6 style=\"text-align: center;\"><em><span style=\"color: #950048;\">Une palette \u00e9poustouflante<\/span><\/em><\/h6>\n<p>[\/vc_column_text][vc_column_text css=&#8221;.vc_custom_1478619985881{margin-right: 50px !important;margin-left: 50px !important;}&#8221;]<\/p>\n<p style=\"text-align: center;\">La commune viticole de Salquenen arbore fi\u00e8rement la croix de Malte sur ses armoiries. On ne sait pas si ce sont les vignobles qui incit\u00e8rent en 1235 les Chevaliers de Saint-Jean \u00e0 fonder leur hospice dans ce village mais les amis du vin de cette contr\u00e9e aiment \u00e0 le croire et le raconter. L\u2019hospice johannite \u00e9tait \u00e0 l\u2019\u00e9poque une halte hospitali\u00e8re pour les voyageurs qui y trouvaient g\u00eete, couvert et protection.<\/p>\n<p style=\"text-align: center;\">La cave Kuonen + Grichting, tr\u00e8s fid\u00e8le \u00e0 cette tradition hospitali\u00e8re, a \u00e9t\u00e9 baptis\u00e9 \u00ab\u00a0Cave Johanniter\u00a0\u00bb (qui se dit Johanniterkellerei en allemand). Elle ne date certes pas du Moyen Age mais, fond\u00e9e en 1913, elle est aujourd\u2019hui la plus ancienne cave de Salquenen. Elle est n\u00e9e de la coop\u00e9ration de trois vignerons locaux qui se d\u00e9cid\u00e8rent \u00e0 faire cave commune. Les premi\u00e8res ann\u00e9es furent difficiles et ce n\u2019est qu\u2019apr\u00e8s la premi\u00e8re guerre mondiale et la crise \u00e9conomique qui suivit ce conflit que la soci\u00e9t\u00e9 Kuonen + Grichting put entretenir la premi\u00e8re cave de Salquenen.<\/p>\n<p style=\"text-align: center;\">La S.A. familiale est aujourd\u2019hui dirig\u00e9e par la troisi\u00e8me g\u00e9n\u00e9ration de Grichting sous la direction de Thomas Grichting, 58 ans, \u00e0 la t\u00eate de la soci\u00e9t\u00e9 depuis plus de 35 ans.<\/p>\n<p style=\"text-align: center;\">Bien s\u00fbr, sa pr\u00e9f\u00e9rence va aux c\u00e9pages rouges. Les deux tiers de la production d\u2019encavage. Le Pinot Noir de Salquenen est majoritaire et nous cultivons plusieures vari\u00e9t\u00e9s: le Pinot Noir de Salquenen \u00e9l\u00e9gant que l\u2019on retrouve dans le \u201eJohannestrunk\u201c, le Pinot Noir structur\u00e9 du Grand Cru de Salquenen, produit selon une charte tr\u00e8s stricte, mais aussi le Pinot Noir de Salquenen cultiv\u00e9 sur des coteaux r\u00e9serv\u00e9s en priorit\u00e9 \u00e0 la \u201eGrande Cuv\u00e9e\u201c et celui du fameux Pinot Noir de Salquenen \u201eBarrique\u201c aux d\u00e9licats ar\u00f4mes de vanille, \u00e9lev\u00e9 3 \u00e0 6 mois en barrique de ch\u00eane. Mais le dynamique Thomas Grichting ne saurait se contenter du Pinot Noir pour faire la r\u00e9putation de Kuonen &amp; Grichting.<\/p>\n<p style=\"text-align: center;\">On y retrouve donc des grands classiques valaisans comme le Fendant et le Johannisberg mais aussi les Petite Arvine, Humagne Blanche, Malvoisie, Ermitage, Muscat, Chardonnay, une D\u00f4le Blanche, un Oeil-de-Perdrix et une D\u00f4le de Salquenen et encore les Humagne Rouge, Cornalin, Syrah et Diolinoir. Une palette \u00e9poustouflante.<\/p>\n<p>[\/vc_column_text][vc_single_image image=&#8221;969&#8243; img_size=&#8221;medium&#8221; alignment=&#8221;center&#8221; onclick=&#8221;link_image&#8221; lazy_loading=&#8221;true&#8221; css=&#8221;.vc_custom_1466587145321{margin-top: 5px !important;}&#8221;][\/vc_tta_section][vc_tta_section title=&#8221;GALERIE&#8221; tab_id=&#8221;galerie&#8221;][vc_empty_space height=&#8221;40px&#8221;][vc_column_text]<\/p>\n<h2 style=\"text-align: center;\"><strong><span style=\"color: black;\">Galerie<\/span><\/strong><\/h2>\n<h6 style=\"text-align: center;\"><em><span style=\"color: #950048;\">Quelques impressions<\/span><\/em><\/h6>\n<p>[\/vc_column_text][vc_masonry_media_grid gap=&#8221;3&#8243; item=&#8221;mediaGrid_Default&#8221; initial_loading_animation=&#8221;fadeIn&#8221; grid_id=&#8221;vc_gid:1700489592840-042e1ee5-b982-7&#8243; include=&#8221;1174,971,972&#8243;][\/vc_tta_section][vc_tta_section title=&#8221;VINS&#8221; tab_id=&#8221;vins&#8221;][vc_empty_space height=&#8221;40px&#8221;][vc_column_text]<\/p>\n<h2 style=\"text-align: center;\"><strong><span style=\"color: black;\">Vins<\/span><\/strong><\/h2>\n<h6 style=\"text-align: center;\"><em><span style=\"color: #950048;\">Une s\u00e9lection de nos vins<\/span><\/em><\/h6>\n<p>[\/vc_column_text][vc_row_inner][vc_column_inner width=&#8221;1\/2&#8243;]<div class=\"standard-arrow bullet-top\"><ul>\n<li>Pinot Noir de Salquenen \u201eGrand Cru\u201c<\/li>\n<li>Pinot Noir de Salquenen \u201eGrande Cuv\u00e9e\u201c<\/li>\n<li>Pinot Noir de Salquenen \u201eBarrique\u201c<\/li>\n<li>Diolinoir du Valais \u201eGrande Cuv\u00e9e\u201c<\/li>\n<li>Assemblage du Valais \u201eGrande Cuv\u00e9e\u201c<\/li>\n<li>Ville de Sierre \u201eGrande Cuv\u00e9e\u201c<\/li>\n<li>Fendant \u201eJohannestrunk\u201c<\/li>\n<li>Johannisberg \u201eJohannestrunk\u201c<\/li>\n<li>Malvoisie \u201eJohannestrunk\u201c<\/li>\n<li>Ermitage \u201eJohannestrunk\u201c<\/li>\n<li>Muscat \u201eJohannestrunk\u201c<\/li>\n<li>Chardonnay \u201eJohannestrunk\u201c<\/li>\n<li>Petite Arvine \u201eJohannestrunk\u201c<\/li>\n<\/ul>\n<\/div>[\/vc_column_inner][vc_column_inner width=&#8221;1\/2&#8243;]<div class=\"standard-arrow bullet-top\"><ul>\n<li>Humagne Blanche \u201eJohannestrunk\u201c<\/li>\n<li>D\u00f4le Blanche \u201eJohannestrunk\u201c<\/li>\n<li>Oeil-de-Perdrix \u201eJohannestrunk\u201c<\/li>\n<li>D\u00f4le de Salquenen \u201eJohannestrunk\u201c<\/li>\n<li>Pinot Noir de Salquenen \u201eJohannestrunk\u201c<\/li>\n<li>Humagne Rouge \u201eJohannestrunk\u201c<\/li>\n<li>Cornalin \u201eJohannestrunk\u201c<\/li>\n<li>Syrah \u201eJohannestrunk\u201c<\/li>\n<li>Ermitage mi-fl\u00e9try<\/li>\n<li>Marcdor<\/li>\n<li>Liedor<\/li>\n<li>Williamor<\/li>\n<li>Abricodor<\/li>\n<\/ul>\n<\/div>[\/vc_column_inner][\/vc_row_inner][\/vc_tta_section][vc_tta_section title=&#8221;CONTACT&#8221; tab_id=&#8221;contact&#8221;][vc_empty_space height=&#8221;40px&#8221;][vc_column_text]<\/p>\n<h2 style=\"text-align: center;\"><strong><span style=\"color: black;\">Contact<\/span><\/strong><\/h2>\n<h6 style=\"text-align: center;\"><em><span style=\"color: #950048;\">Contactez-nous<\/span><\/em><\/h6>\n<p>[\/vc_column_text][vc_row_inner][vc_column_inner][vc_column_text]<\/p>\n<p style=\"text-align: center;\"><strong>Johanniterkellerei<\/strong><br \/>\n<strong>Kuonen &amp; Grichting AG<\/strong><br \/>\nUnterdorfstrasse 8<br \/>\n3970 Salgesch<br \/>\nSwitzerland<\/p>\n<p style=\"text-align: center;\">Tel: <a href=\"tel:+41274551407\">+41 (0)27 455 14 07<\/a><br \/>\nFax: +41 (0)27 455 24 75<\/p>\n<p style=\"text-align: center;\"><a href=\"mailto:info@johanniterkellerei.ch\">info@johanniterkellerei.ch<\/a><\/p>\n<p style=\"text-align: center;\"><a href=\"https:\/\/www.johanniterkellerei.ch\/\" target=\"_blank\" rel=\"noopener\">www.johanniterkellerei.ch<\/a><\/p>\n<p>[\/vc_column_text][\/vc_column_inner][\/vc_row_inner][\/vc_tta_section][vc_tta_section title=&#8221;DEMANDE D\u00c9GUSTATION&#8221; tab_id=&#8221;demande&#8221;][vc_empty_space height=&#8221;40px&#8221;][vc_column_text]<\/p>\n<h2 style=\"text-align: center;\"><strong><span style=\"color: black;\">Demande<\/span><\/strong><\/h2>\n<h6 style=\"text-align: center;\"><em><span style=\"color: #950048;\">Demandez-nous une d\u00e9gustation !<br \/>\n<\/span><\/em><\/h6>\n<p>[\/vc_column_text][vc_row_inner][vc_column_inner width=&#8221;1\/3&#8243;][\/vc_column_inner][vc_column_inner width=&#8221;1\/3&#8243;]\n<div class=\"wpcf7 no-js\" id=\"wpcf7-f8454-o1\" lang=\"fr-CH\" dir=\"ltr\" data-wpcf7-id=\"8454\">\n<div class=\"screen-reader-response\"><p role=\"status\" aria-live=\"polite\" aria-atomic=\"true\"><\/p> <ul><\/ul><\/div>\n<form action=\"\/fr\/wp-json\/wp\/v2\/dt_portfolio\/2066#wpcf7-f8454-o1\" method=\"post\" class=\"wpcf7-form init\" aria-label=\"Contact form\" novalidate=\"novalidate\" data-status=\"init\">\n<fieldset class=\"hidden-fields-container\"><input type=\"hidden\" name=\"_wpcf7\" value=\"8454\" \/><input type=\"hidden\" name=\"_wpcf7_version\" value=\"6.1.5\" \/><input type=\"hidden\" name=\"_wpcf7_locale\" value=\"fr_CH\" \/><input type=\"hidden\" name=\"_wpcf7_unit_tag\" value=\"wpcf7-f8454-o1\" \/><input type=\"hidden\" name=\"_wpcf7_container_post\" value=\"0\" \/><input type=\"hidden\" name=\"_wpcf7_posted_data_hash\" value=\"\" \/>\n<\/fieldset>\n<p><label> Nom<br \/>\n<span class=\"wpcf7-form-control-wrap\" data-name=\"your-name\"><input size=\"40\" maxlength=\"400\" class=\"wpcf7-form-control wpcf7-text wpcf7-validates-as-required\" aria-required=\"true\" aria-invalid=\"false\" value=\"\" type=\"text\" name=\"your-name\" \/><\/span> <\/label>\n<\/p>\n<div class=\"one-half last\">\n\t<p><label> Pr\u00e9nom<br \/>\n<span class=\"wpcf7-form-control-wrap\" data-name=\"vorname\"><input size=\"40\" maxlength=\"400\" class=\"wpcf7-form-control wpcf7-text wpcf7-validates-as-required\" aria-required=\"true\" aria-invalid=\"false\" value=\"\" type=\"text\" name=\"vorname\" \/><\/span> <\/label>\n\t<\/p>\n<\/div>\n<div class=\"one-half address\">\n\t<p><label> E-mail<br \/>\n<span class=\"wpcf7-form-control-wrap\" data-name=\"your-email\"><input size=\"40\" maxlength=\"400\" class=\"wpcf7-form-control wpcf7-email wpcf7-validates-as-required wpcf7-text wpcf7-validates-as-email\" aria-required=\"true\" aria-invalid=\"false\" value=\"\" type=\"email\" name=\"your-email\" \/><\/span> <\/label>\n\t<\/p>\n<\/div>\n<div class=\"one-half last\">\n\t<p><label> Nombre de personnes<br \/>\n<span class=\"wpcf7-form-control-wrap\" data-name=\"menu-703\"><select class=\"wpcf7-form-control wpcf7-select\" aria-invalid=\"false\" name=\"menu-703\"><option value=\"\">&#8212;Please choose an option&#8212;<\/option><option value=\"1\">1<\/option><option value=\"2\">2<\/option><option value=\"3\">3<\/option><option value=\"4\">4<\/option><option value=\"5\">5<\/option><option value=\"6\">6<\/option><option value=\"7\">7<\/option><option value=\"8\">8<\/option><option value=\"9\">9<\/option><option value=\"10\">10<\/option><option value=\"11\">11<\/option><option value=\"12\">12<\/option><option value=\"13\">13<\/option><option value=\"14\">14<\/option><option value=\"15\">15<\/option><option value=\"16\">16<\/option><option value=\"17\">17<\/option><option value=\"18\">18<\/option><option value=\"19\">19<\/option><option value=\"20\">20<\/option><\/select><\/span><\/label>\n\t<\/p>\n<\/div>\n<div class=\"one-half eml\">\n\t<p><label> Date souhait\u00e9e<br \/>\n<span class=\"wpcf7-form-control-wrap\" data-name=\"date-809\"><input class=\"wpcf7-form-control wpcf7-date wpcf7-validates-as-required wpcf7-validates-as-date\" min=\"2026-04-30\" aria-required=\"true\" aria-invalid=\"false\" value=\"\" type=\"date\" name=\"date-809\" \/><\/span> <\/label>\n\t<\/p>\n<\/div>\n<div class=\"one-half last\">\n\t<p><label> Heure souhait\u00e9e<br \/>\n<span class=\"wpcf7-form-control-wrap\" data-name=\"menu-704\"><select class=\"wpcf7-form-control wpcf7-select\" aria-invalid=\"false\" name=\"menu-704\"><option value=\"\">&#8212;Please choose an option&#8212;<\/option><option value=\"08:00\">08:00<\/option><option value=\"09:00\">09:00<\/option><option value=\"10:00\">10:00<\/option><option value=\"11:00\">11:00<\/option><option value=\"12:00\">12:00<\/option><option value=\"13:00\">13:00<\/option><option value=\"14:00\">14:00<\/option><option value=\"15:00\">15:00<\/option><option value=\"16:00\">16:00<\/option><option value=\"17:00\">17:00<\/option><option value=\"18:00\">18:00<\/option><\/select><\/span><\/label>\n\t<\/p>\n<\/div>\n<div class=\"one-halfg\">\n\t<p><label> Souhaits et commentaires<br \/>\n<span class=\"wpcf7-form-control-wrap\" data-name=\"your-short-description\"><textarea cols=\"40\" rows=\"10\" maxlength=\"2000\" class=\"wpcf7-form-control wpcf7-textarea wpcf7-validates-as-required\" aria-required=\"true\" aria-invalid=\"false\" name=\"your-short-description\"><\/textarea><\/span> <\/label>\n\t<\/p>\n<\/div>\n<p><input class=\"wpcf7-form-control wpcf7-submit has-spinner send-cls\" id=\"send-id\" type=\"submit\" value=\"Envoyer\" \/>\n<\/p><div class=\"wpcf7-response-output\" aria-hidden=\"true\"><\/div>\n<\/form>\n<\/div>\n[\/vc_column_inner][vc_column_inner width=&#8221;1\/3&#8243;][\/vc_column_inner][\/vc_row_inner][\/vc_tta_section][\/vc_tta_tabs][\/vc_column][\/vc_row]<\/p>\n<\/div>","protected":false},"excerpt":{"rendered":"<p>[vc_row][vc_column][vc_empty_space][vc_column_text] Une palette \u00e9poustouflante Johanniterkellerei [\/vc_column_text][vc_empty_space height=&#8221;20px&#8221;][\/vc_column][\/vc_row][vc_row][vc_column][vc_tta_tabs style=&#8221;flat&#8221; shape=&#8221;square&#8221; color=&#8221;white&#8221; alignment=&#8221;center&#8221; active_section=&#8221;1&#8243; pagination_style=&#8221;flat-round&#8221; no_fill_content_area=&#8221;true&#8221;][vc_tta_section title=&#8221;\u00c0 PROPOS&#8221; tab_id=&#8221;a-propos&#8221;][vc_empty_space height=&#8221;40px&#8221;][vc_column_text] \u00c0 propos Une palette \u00e9poustouflante [\/vc_column_text][vc_column_text css=&#8221;.vc_custom_1478619985881{margin-right: 50px !important;margin-left: 50px !important;}&#8221;] La commune viticole de Salquenen arbore fi\u00e8rement la croix de Malte sur ses armoiries. On ne sait pas si ce sont les vignobles qui incit\u00e8rent en&hellip;<\/p>\n","protected":false},"author":1,"featured_media":4395,"comment_status":"closed","ping_status":"closed","template":"","dt_portfolio_category":[14],"dt_portfolio_tags":[],"class_list":["post-2066","dt_portfolio","type-dt_portfolio","status-publish","has-post-thumbnail","hentry","dt_portfolio_category-caves","dt_portfolio_category-14","description-off"],"yoast_head":"<!-- This site is optimized with the Yoast SEO plugin v27.5 - https:\/\/yoast.com\/product\/yoast-seo-wordpress\/ -->\n<title>JOHANNITERKELLEREI - Salgesch I Salquenen<\/title>\n<meta name=\"robots\" content=\"index, follow, max-snippet:-1, max-image-preview:large, max-video-preview:-1\" \/>\n<link rel=\"canonical\" href=\"https:\/\/salgesch.ch\/fr\/caves\/johanniterkellerei\/\" \/>\n<meta property=\"og:locale\" content=\"fr_FR\" \/>\n<meta property=\"og:type\" content=\"article\" \/>\n<meta property=\"og:title\" content=\"JOHANNITERKELLEREI - Salgesch I Salquenen\" \/>\n<meta property=\"og:description\" content=\"[vc_row][vc_column][vc_empty_space][vc_column_text] Une palette \u00e9poustouflante Johanniterkellerei [\/vc_column_text][vc_empty_space height=&#8221;20px&#8221;][\/vc_column][\/vc_row][vc_row][vc_column][vc_tta_tabs style=&#8221;flat&#8221; shape=&#8221;square&#8221; color=&#8221;white&#8221; alignment=&#8221;center&#8221; active_section=&#8221;1&#8243; pagination_style=&#8221;flat-round&#8221; no_fill_content_area=&#8221;true&#8221;][vc_tta_section title=&#8221;\u00c0 PROPOS&#8221; tab_id=&#8221;a-propos&#8221;][vc_empty_space height=&#8221;40px&#8221;][vc_column_text] \u00c0 propos Une palette \u00e9poustouflante [\/vc_column_text][vc_column_text css=&#8221;.vc_custom_1478619985881{margin-right: 50px !important;margin-left: 50px !important;}&#8221;] La commune viticole de Salquenen arbore fi\u00e8rement la croix de Malte sur ses armoiries. On ne sait pas si ce sont les vignobles qui incit\u00e8rent en&hellip;\" \/>\n<meta property=\"og:url\" content=\"https:\/\/salgesch.ch\/fr\/caves\/johanniterkellerei\/\" \/>\n<meta property=\"og:site_name\" content=\"Salgesch I Salquenen\" \/>\n<meta property=\"article:modified_time\" content=\"2023-11-20T14:13:56+00:00\" \/>\n<meta property=\"og:image\" content=\"https:\/\/salgesch.ch\/wp-content\/uploads\/2016\/06\/IMG_5586-607x300.jpg\" \/>\n\t<meta property=\"og:image:width\" content=\"607\" \/>\n\t<meta property=\"og:image:height\" content=\"300\" \/>\n\t<meta property=\"og:image:type\" content=\"image\/jpeg\" \/>\n<meta name=\"twitter:card\" content=\"summary_large_image\" \/>\n<meta name=\"twitter:label1\" content=\"Est. reading time\" \/>\n\t<meta name=\"twitter:data1\" content=\"4 minutes\" \/>\n<script type=\"application\/ld+json\" class=\"yoast-schema-graph\">{\"@context\":\"https:\\\/\\\/schema.org\",\"@graph\":[{\"@type\":\"WebPage\",\"@id\":\"https:\\\/\\\/salgesch.ch\\\/fr\\\/caves\\\/johanniterkellerei\\\/\",\"url\":\"https:\\\/\\\/salgesch.ch\\\/fr\\\/caves\\\/johanniterkellerei\\\/\",\"name\":\"JOHANNITERKELLEREI - Salgesch I Salquenen\",\"isPartOf\":{\"@id\":\"https:\\\/\\\/salgesch.ch\\\/fr\\\/#website\"},\"primaryImageOfPage\":{\"@id\":\"https:\\\/\\\/salgesch.ch\\\/fr\\\/caves\\\/johanniterkellerei\\\/#primaryimage\"},\"image\":{\"@id\":\"https:\\\/\\\/salgesch.ch\\\/fr\\\/caves\\\/johanniterkellerei\\\/#primaryimage\"},\"thumbnailUrl\":\"https:\\\/\\\/salgesch.ch\\\/wp-content\\\/uploads\\\/2016\\\/06\\\/IMG_5586-607x300.jpg\",\"datePublished\":\"2016-10-21T11:11:18+00:00\",\"dateModified\":\"2023-11-20T14:13:56+00:00\",\"breadcrumb\":{\"@id\":\"https:\\\/\\\/salgesch.ch\\\/fr\\\/caves\\\/johanniterkellerei\\\/#breadcrumb\"},\"inLanguage\":\"fr-CH\",\"potentialAction\":[{\"@type\":\"ReadAction\",\"target\":[\"https:\\\/\\\/salgesch.ch\\\/fr\\\/caves\\\/johanniterkellerei\\\/\"]}]},{\"@type\":\"ImageObject\",\"inLanguage\":\"fr-CH\",\"@id\":\"https:\\\/\\\/salgesch.ch\\\/fr\\\/caves\\\/johanniterkellerei\\\/#primaryimage\",\"url\":\"https:\\\/\\\/salgesch.ch\\\/wp-content\\\/uploads\\\/2016\\\/06\\\/IMG_5586-607x300.jpg\",\"contentUrl\":\"https:\\\/\\\/salgesch.ch\\\/wp-content\\\/uploads\\\/2016\\\/06\\\/IMG_5586-607x300.jpg\",\"width\":607,\"height\":300},{\"@type\":\"BreadcrumbList\",\"@id\":\"https:\\\/\\\/salgesch.ch\\\/fr\\\/caves\\\/johanniterkellerei\\\/#breadcrumb\",\"itemListElement\":[{\"@type\":\"ListItem\",\"position\":1,\"name\":\"Startseite\",\"item\":\"https:\\\/\\\/salgesch.ch\\\/fr\\\/\"},{\"@type\":\"ListItem\",\"position\":2,\"name\":\"Portfolio\",\"item\":\"https:\\\/\\\/salgesch.ch\\\/fr\\\/project\\\/\"},{\"@type\":\"ListItem\",\"position\":3,\"name\":\"JOHANNITERKELLEREI\"}]},{\"@type\":\"WebSite\",\"@id\":\"https:\\\/\\\/salgesch.ch\\\/fr\\\/#website\",\"url\":\"https:\\\/\\\/salgesch.ch\\\/fr\\\/\",\"name\":\"Salgesch I Salquenen\",\"description\":\"Das Weindorf der Schweiz\",\"potentialAction\":[{\"@type\":\"SearchAction\",\"target\":{\"@type\":\"EntryPoint\",\"urlTemplate\":\"https:\\\/\\\/salgesch.ch\\\/fr\\\/?s={search_term_string}\"},\"query-input\":{\"@type\":\"PropertyValueSpecification\",\"valueRequired\":true,\"valueName\":\"search_term_string\"}}],\"inLanguage\":\"fr-CH\"}]}<\/script>\n<!-- \/ Yoast SEO plugin. -->","yoast_head_json":{"title":"JOHANNITERKELLEREI - Salgesch I Salquenen","robots":{"index":"index","follow":"follow","max-snippet":"max-snippet:-1","max-image-preview":"max-image-preview:large","max-video-preview":"max-video-preview:-1"},"canonical":"https:\/\/salgesch.ch\/fr\/caves\/johanniterkellerei\/","og_locale":"fr_FR","og_type":"article","og_title":"JOHANNITERKELLEREI - Salgesch I Salquenen","og_description":"[vc_row][vc_column][vc_empty_space][vc_column_text] Une palette \u00e9poustouflante Johanniterkellerei [\/vc_column_text][vc_empty_space height=&#8221;20px&#8221;][\/vc_column][\/vc_row][vc_row][vc_column][vc_tta_tabs style=&#8221;flat&#8221; shape=&#8221;square&#8221; color=&#8221;white&#8221; alignment=&#8221;center&#8221; active_section=&#8221;1&#8243; pagination_style=&#8221;flat-round&#8221; no_fill_content_area=&#8221;true&#8221;][vc_tta_section title=&#8221;\u00c0 PROPOS&#8221; tab_id=&#8221;a-propos&#8221;][vc_empty_space height=&#8221;40px&#8221;][vc_column_text] \u00c0 propos Une palette \u00e9poustouflante [\/vc_column_text][vc_column_text css=&#8221;.vc_custom_1478619985881{margin-right: 50px !important;margin-left: 50px !important;}&#8221;] La commune viticole de Salquenen arbore fi\u00e8rement la croix de Malte sur ses armoiries. On ne sait pas si ce sont les vignobles qui incit\u00e8rent en&hellip;","og_url":"https:\/\/salgesch.ch\/fr\/caves\/johanniterkellerei\/","og_site_name":"Salgesch I Salquenen","article_modified_time":"2023-11-20T14:13:56+00:00","og_image":[{"width":607,"height":300,"url":"https:\/\/salgesch.ch\/wp-content\/uploads\/2016\/06\/IMG_5586-607x300.jpg","type":"image\/jpeg"}],"twitter_card":"summary_large_image","twitter_misc":{"Est. reading time":"4 minutes"},"schema":{"@context":"https:\/\/schema.org","@graph":[{"@type":"WebPage","@id":"https:\/\/salgesch.ch\/fr\/caves\/johanniterkellerei\/","url":"https:\/\/salgesch.ch\/fr\/caves\/johanniterkellerei\/","name":"JOHANNITERKELLEREI - Salgesch I Salquenen","isPartOf":{"@id":"https:\/\/salgesch.ch\/fr\/#website"},"primaryImageOfPage":{"@id":"https:\/\/salgesch.ch\/fr\/caves\/johanniterkellerei\/#primaryimage"},"image":{"@id":"https:\/\/salgesch.ch\/fr\/caves\/johanniterkellerei\/#primaryimage"},"thumbnailUrl":"https:\/\/salgesch.ch\/wp-content\/uploads\/2016\/06\/IMG_5586-607x300.jpg","datePublished":"2016-10-21T11:11:18+00:00","dateModified":"2023-11-20T14:13:56+00:00","breadcrumb":{"@id":"https:\/\/salgesch.ch\/fr\/caves\/johanniterkellerei\/#breadcrumb"},"inLanguage":"fr-CH","potentialAction":[{"@type":"ReadAction","target":["https:\/\/salgesch.ch\/fr\/caves\/johanniterkellerei\/"]}]},{"@type":"ImageObject","inLanguage":"fr-CH","@id":"https:\/\/salgesch.ch\/fr\/caves\/johanniterkellerei\/#primaryimage","url":"https:\/\/salgesch.ch\/wp-content\/uploads\/2016\/06\/IMG_5586-607x300.jpg","contentUrl":"https:\/\/salgesch.ch\/wp-content\/uploads\/2016\/06\/IMG_5586-607x300.jpg","width":607,"height":300},{"@type":"BreadcrumbList","@id":"https:\/\/salgesch.ch\/fr\/caves\/johanniterkellerei\/#breadcrumb","itemListElement":[{"@type":"ListItem","position":1,"name":"Startseite","item":"https:\/\/salgesch.ch\/fr\/"},{"@type":"ListItem","position":2,"name":"Portfolio","item":"https:\/\/salgesch.ch\/fr\/project\/"},{"@type":"ListItem","position":3,"name":"JOHANNITERKELLEREI"}]},{"@type":"WebSite","@id":"https:\/\/salgesch.ch\/fr\/#website","url":"https:\/\/salgesch.ch\/fr\/","name":"Salgesch I Salquenen","description":"Das Weindorf der Schweiz","potentialAction":[{"@type":"SearchAction","target":{"@type":"EntryPoint","urlTemplate":"https:\/\/salgesch.ch\/fr\/?s={search_term_string}"},"query-input":{"@type":"PropertyValueSpecification","valueRequired":true,"valueName":"search_term_string"}}],"inLanguage":"fr-CH"}]}},"_links":{"self":[{"href":"https:\/\/salgesch.ch\/fr\/wp-json\/wp\/v2\/dt_portfolio\/2066","targetHints":{"allow":["GET"]}}],"collection":[{"href":"https:\/\/salgesch.ch\/fr\/wp-json\/wp\/v2\/dt_portfolio"}],"about":[{"href":"https:\/\/salgesch.ch\/fr\/wp-json\/wp\/v2\/types\/dt_portfolio"}],"author":[{"embeddable":true,"href":"https:\/\/salgesch.ch\/fr\/wp-json\/wp\/v2\/users\/1"}],"replies":[{"embeddable":true,"href":"https:\/\/salgesch.ch\/fr\/wp-json\/wp\/v2\/comments?post=2066"}],"version-history":[{"count":4,"href":"https:\/\/salgesch.ch\/fr\/wp-json\/wp\/v2\/dt_portfolio\/2066\/revisions"}],"predecessor-version":[{"id":8471,"href":"https:\/\/salgesch.ch\/fr\/wp-json\/wp\/v2\/dt_portfolio\/2066\/revisions\/8471"}],"wp:featuredmedia":[{"embeddable":true,"href":"https:\/\/salgesch.ch\/fr\/wp-json\/wp\/v2\/media\/4395"}],"wp:attachment":[{"href":"https:\/\/salgesch.ch\/fr\/wp-json\/wp\/v2\/media?parent=2066"}],"wp:term":[{"taxonomy":"dt_portfolio_category","embeddable":true,"href":"https:\/\/salgesch.ch\/fr\/wp-json\/wp\/v2\/dt_portfolio_category?post=2066"},{"taxonomy":"dt_portfolio_tags","embeddable":true,"href":"https:\/\/salgesch.ch\/fr\/wp-json\/wp\/v2\/dt_portfolio_tags?post=2066"}],"curies":[{"name":"wp","href":"https:\/\/api.w.org\/{rel}","templated":true}]}}