{"id":2633,"date":"2017-01-04T14:58:58","date_gmt":"2017-01-04T14:58:58","guid":{"rendered":"http:\/\/salgesch.ch\/fr\/?post_type=dt_portfolio&#038;p=2633"},"modified":"2022-07-14T11:21:43","modified_gmt":"2022-07-14T11:21:43","slug":"boucherie-mueller","status":"publish","type":"dt_portfolio","link":"https:\/\/salgesch.ch\/fr\/gastronomie-fr\/boucherie-mueller\/","title":{"rendered":"BOUCHERIE M\u00dcLLER"},"content":{"rendered":"<div class=\"wpb-content-wrapper\"><p>[vc_row][vc_column][vc_empty_space][vc_column_text]<\/p>\n<h5 style=\"text-align: center;\"><span style=\"color: #950048;\">Avec amour et tradition<\/span><\/h5>\n<h2 style=\"text-align: center;\"><strong><span style=\"color: black;\">Boucherie\u00a0M\u00fcller<\/span><\/strong><\/h2>\n<p>[\/vc_column_text][vc_empty_space height=&#8221;45px&#8221;][\/vc_column][\/vc_row][vc_row][vc_column width=&#8221;1\/4&#8243; offset=&#8221;vc_col-xs-6&#8243;][vc_single_image image=&#8221;1617&#8243; img_size=&#8221;80&#215;80&#8243; alignment=&#8221;center&#8221; css_animation=&#8221;fadeInDown&#8221;][vc_column_text]<\/p>\n<p style=\"text-align: center;\"><strong><span style=\"color: black;\">Lieu<\/span><\/strong><\/p>\n<p style=\"text-align: center;\"><span style=\"color: #333333;\">Unterdorfstrasse,\u00a0Centre<\/span><\/p>\n<p>[\/vc_column_text][\/vc_column][vc_column width=&#8221;1\/4&#8243; offset=&#8221;vc_col-xs-6&#8243;][vc_single_image image=&#8221;1609&#8243; img_size=&#8221;80&#215;80&#8243; alignment=&#8221;center&#8221; css_animation=&#8221;fadeInDown&#8221;][vc_column_text]<\/p>\n<p style=\"text-align: center;\"><strong><span style=\"color: black;\">Sp\u00e9cialit\u00e9s<\/span><\/strong><\/p>\n<p style=\"text-align: center;\">Charcuterie et saucisses maison<\/p>\n<p>[\/vc_column_text][\/vc_column][vc_column width=&#8221;1\/4&#8243; offset=&#8221;vc_col-xs-6&#8243;][vc_single_image image=&#8221;1612&#8243; img_size=&#8221;80&#215;80&#8243; alignment=&#8221;center&#8221; css_animation=&#8221;fadeInDown&#8221;][vc_column_text]<\/p>\n<p style=\"text-align: center;\"><strong><span style=\"color: black;\">Membre<\/span><\/strong><\/p>\n<p style=\"text-align: center;\">AOC et\u00a0IGP<\/p>\n<p>[\/vc_column_text][\/vc_column][vc_column width=&#8221;1\/4&#8243; offset=&#8221;vc_col-xs-6&#8243;][vc_single_image image=&#8221;1621&#8243; img_size=&#8221;80&#215;80&#8243; alignment=&#8221;center&#8221; css_animation=&#8221;fadeInDown&#8221;][vc_column_text]<\/p>\n<p style=\"text-align: center;\"><strong><span style=\"color: black;\">Commandes<\/span><\/strong><\/p>\n<p style=\"text-align: center;\"><a href=\"tel:+41274551812\"><span style=\"color: #333333;\">+41 (0)27 455\u00a018 12<\/span><\/a><\/p>\n<p>[\/vc_column_text][\/vc_column][\/vc_row][vc_row][vc_column][vc_empty_space height=&#8221;45px&#8221;][vc_tta_tabs style=&#8221;flat&#8221; shape=&#8221;square&#8221; color=&#8221;white&#8221; alignment=&#8221;center&#8221; active_section=&#8221;1&#8243; pagination_style=&#8221;flat-round&#8221; no_fill_content_area=&#8221;true&#8221;][vc_tta_section title=&#8221;\u00c0 PROPOS&#8221; tab_id=&#8221;a-propos&#8221;][vc_empty_space height=&#8221;40px&#8221;][vc_column_text]<\/p>\n<h2 style=\"text-align: center;\"><span style=\"color: black;\">\u00c0 propos<\/span><\/h2>\n<h6 style=\"text-align: center;\"><em><span style=\"color: #950048;\">La charcuterie du village<\/span><\/em><\/h6>\n<p>[\/vc_column_text][vc_column_text css=&#8221;.vc_custom_1483541694828{margin-top: 50px !important;margin-right: 50px !important;margin-bottom: 50px !important;margin-left: 50px !important;}&#8221;]<\/p>\n<p style=\"text-align: center;\">Tous nos produits sont \u00e9labor\u00e9s avec soin selon les proc\u00e9d\u00e9s traditionnels du Valais.<\/p>\n<p style=\"text-align: center;\">Notre production maison est une garantie de la haute qualit\u00e9 et de la fra\u00eecheur de nos produits, que nous pr\u00e9parons gr\u00e2ce \u00e0 des ingr\u00e9dients de premi\u00e8re qualit\u00e9 soigneusement s\u00e9lectionn\u00e9s et selon des recettes traditionnelles de notre maison.<\/p>\n<p>[\/vc_column_text][\/vc_tta_section][vc_tta_section title=&#8221;GALERIE&#8221; tab_id=&#8221;galerie&#8221;][vc_empty_space height=&#8221;40px&#8221;][vc_column_text]<\/p>\n<h2 style=\"text-align: center;\"><span style=\"color: black;\">Galerie<\/span><\/h2>\n<h6 style=\"text-align: center;\"><em><span style=\"color: #950048;\">Quelques impressions<\/span><\/em><\/h6>\n<p>[\/vc_column_text][vc_masonry_media_grid gap=&#8221;3&#8243; item=&#8221;mediaGrid_Default&#8221; initial_loading_animation=&#8221;fadeIn&#8221; grid_id=&#8221;vc_gid:1657797698515-023a7d0d-a293-5&#8243; include=&#8221;2625&#8243;][\/vc_tta_section][vc_tta_section title=&#8221;CONTACT&#8221; tab_id=&#8221;contact&#8221;][vc_empty_space height=&#8221;40px&#8221;][vc_column_text]<\/p>\n<h2 style=\"text-align: center;\"><span style=\"color: black;\">Contact<\/span><\/h2>\n<h6 style=\"text-align: center;\"><em><span style=\"color: #950048;\">Contactez-nous<\/span><\/em><\/h6>\n<p>[\/vc_column_text][vc_row_inner][vc_column_inner][vc_column_text]<\/p>\n<p style=\"text-align: center;\"><strong>Metzgerei M\u00fcller St\u00e9phane<\/strong><\/p>\n<p style=\"text-align: center;\">Unterdorfstrasse 12<br \/>\n3970 Salgesch<br \/>\n<a href=\"tel:+41274551812\">+41 (0)27 455 18 12<\/a><\/p>\n<p style=\"text-align: center;\"><a title=\"muellermetzgerei@bluewin.ch\" href=\"mailto:muellermetzgerei@bluewin.ch\">muellermetzgerei@bluewin.ch<\/a><\/p>\n<p style=\"text-align: center;\"><a href=\"http:\/\/walliserspez.ch\/\" target=\"_blank\" rel=\"noopener\">walliserspez.ch<\/a><\/p>\n<p>[\/vc_column_text][vc_empty_space height=&#8221;40px&#8221;][\/vc_column_inner][\/vc_row_inner][\/vc_tta_section][\/vc_tta_tabs][\/vc_column][\/vc_row]<\/p>\n<\/div>","protected":false},"excerpt":{"rendered":"<p>[vc_row][vc_column][vc_empty_space][vc_column_text] Avec amour et tradition Boucherie\u00a0M\u00fcller [\/vc_column_text][vc_empty_space height=&#8221;45px&#8221;][\/vc_column][\/vc_row][vc_row][vc_column width=&#8221;1\/4&#8243; offset=&#8221;vc_col-xs-6&#8243;][vc_single_image image=&#8221;1617&#8243; img_size=&#8221;80&#215;80&#8243; alignment=&#8221;center&#8221; css_animation=&#8221;fadeInDown&#8221;][vc_column_text] Lieu Unterdorfstrasse,\u00a0Centre [\/vc_column_text][\/vc_column][vc_column width=&#8221;1\/4&#8243; offset=&#8221;vc_col-xs-6&#8243;][vc_single_image image=&#8221;1609&#8243; img_size=&#8221;80&#215;80&#8243; alignment=&#8221;center&#8221; css_animation=&#8221;fadeInDown&#8221;][vc_column_text] Sp\u00e9cialit\u00e9s Charcuterie et saucisses maison [\/vc_column_text][\/vc_column][vc_column width=&#8221;1\/4&#8243; offset=&#8221;vc_col-xs-6&#8243;][vc_single_image image=&#8221;1612&#8243; img_size=&#8221;80&#215;80&#8243; alignment=&#8221;center&#8221; css_animation=&#8221;fadeInDown&#8221;][vc_column_text] Membre AOC et\u00a0IGP [\/vc_column_text][\/vc_column][vc_column width=&#8221;1\/4&#8243; offset=&#8221;vc_col-xs-6&#8243;][vc_single_image image=&#8221;1621&#8243; img_size=&#8221;80&#215;80&#8243; alignment=&#8221;center&#8221; css_animation=&#8221;fadeInDown&#8221;][vc_column_text] Commandes +41 (0)27 455\u00a018 12 [\/vc_column_text][\/vc_column][\/vc_row][vc_row][vc_column][vc_empty_space height=&#8221;45px&#8221;][vc_tta_tabs style=&#8221;flat&#8221; shape=&#8221;square&#8221; color=&#8221;white&#8221;&hellip;<\/p>\n","protected":false},"author":1,"featured_media":4808,"comment_status":"closed","ping_status":"closed","template":"","dt_portfolio_category":[15],"dt_portfolio_tags":[],"class_list":["post-2633","dt_portfolio","type-dt_portfolio","status-publish","has-post-thumbnail","hentry","dt_portfolio_category-gastronomie-fr","dt_portfolio_category-15","description-off"],"yoast_head":"<!-- This site is optimized with the Yoast SEO plugin v27.5 - https:\/\/yoast.com\/product\/yoast-seo-wordpress\/ -->\n<title>BOUCHERIE M\u00dcLLER - Salgesch I Salquenen<\/title>\n<meta name=\"robots\" content=\"index, follow, max-snippet:-1, max-image-preview:large, max-video-preview:-1\" \/>\n<link rel=\"canonical\" href=\"https:\/\/salgesch.ch\/fr\/gastronomie-fr\/boucherie-mueller\/\" \/>\n<meta property=\"og:locale\" content=\"fr_FR\" \/>\n<meta property=\"og:type\" content=\"article\" \/>\n<meta property=\"og:title\" content=\"BOUCHERIE M\u00dcLLER - Salgesch I Salquenen\" \/>\n<meta property=\"og:description\" content=\"[vc_row][vc_column][vc_empty_space][vc_column_text] Avec amour et tradition Boucherie\u00a0M\u00fcller [\/vc_column_text][vc_empty_space height=&#8221;45px&#8221;][\/vc_column][\/vc_row][vc_row][vc_column width=&#8221;1\/4&#8243; offset=&#8221;vc_col-xs-6&#8243;][vc_single_image image=&#8221;1617&#8243; img_size=&#8221;80&#215;80&#8243; alignment=&#8221;center&#8221; css_animation=&#8221;fadeInDown&#8221;][vc_column_text] Lieu Unterdorfstrasse,\u00a0Centre [\/vc_column_text][\/vc_column][vc_column width=&#8221;1\/4&#8243; offset=&#8221;vc_col-xs-6&#8243;][vc_single_image image=&#8221;1609&#8243; img_size=&#8221;80&#215;80&#8243; alignment=&#8221;center&#8221; css_animation=&#8221;fadeInDown&#8221;][vc_column_text] Sp\u00e9cialit\u00e9s Charcuterie et saucisses maison [\/vc_column_text][\/vc_column][vc_column width=&#8221;1\/4&#8243; offset=&#8221;vc_col-xs-6&#8243;][vc_single_image image=&#8221;1612&#8243; img_size=&#8221;80&#215;80&#8243; alignment=&#8221;center&#8221; css_animation=&#8221;fadeInDown&#8221;][vc_column_text] Membre AOC et\u00a0IGP [\/vc_column_text][\/vc_column][vc_column width=&#8221;1\/4&#8243; offset=&#8221;vc_col-xs-6&#8243;][vc_single_image image=&#8221;1621&#8243; img_size=&#8221;80&#215;80&#8243; alignment=&#8221;center&#8221; css_animation=&#8221;fadeInDown&#8221;][vc_column_text] Commandes +41 (0)27 455\u00a018 12 [\/vc_column_text][\/vc_column][\/vc_row][vc_row][vc_column][vc_empty_space height=&#8221;45px&#8221;][vc_tta_tabs style=&#8221;flat&#8221; shape=&#8221;square&#8221; color=&#8221;white&#8221;&hellip;\" \/>\n<meta property=\"og:url\" content=\"https:\/\/salgesch.ch\/fr\/gastronomie-fr\/boucherie-mueller\/\" \/>\n<meta property=\"og:site_name\" content=\"Salgesch I Salquenen\" \/>\n<meta property=\"article:modified_time\" content=\"2022-07-14T11:21:43+00:00\" \/>\n<meta property=\"og:image\" content=\"https:\/\/salgesch.ch\/wp-content\/uploads\/2017\/01\/premium.jpg\" \/>\n\t<meta property=\"og:image:width\" content=\"600\" \/>\n\t<meta property=\"og:image:height\" content=\"600\" \/>\n\t<meta property=\"og:image:type\" content=\"image\/jpeg\" \/>\n<meta name=\"twitter:card\" content=\"summary_large_image\" \/>\n<meta name=\"twitter:label1\" content=\"Est. reading time\" \/>\n\t<meta name=\"twitter:data1\" content=\"1 minute\" \/>\n<script type=\"application\/ld+json\" class=\"yoast-schema-graph\">{\"@context\":\"https:\\\/\\\/schema.org\",\"@graph\":[{\"@type\":\"WebPage\",\"@id\":\"https:\\\/\\\/salgesch.ch\\\/fr\\\/gastronomie-fr\\\/boucherie-mueller\\\/\",\"url\":\"https:\\\/\\\/salgesch.ch\\\/fr\\\/gastronomie-fr\\\/boucherie-mueller\\\/\",\"name\":\"BOUCHERIE M\u00dcLLER - Salgesch I Salquenen\",\"isPartOf\":{\"@id\":\"https:\\\/\\\/salgesch.ch\\\/fr\\\/#website\"},\"primaryImageOfPage\":{\"@id\":\"https:\\\/\\\/salgesch.ch\\\/fr\\\/gastronomie-fr\\\/boucherie-mueller\\\/#primaryimage\"},\"image\":{\"@id\":\"https:\\\/\\\/salgesch.ch\\\/fr\\\/gastronomie-fr\\\/boucherie-mueller\\\/#primaryimage\"},\"thumbnailUrl\":\"https:\\\/\\\/salgesch.ch\\\/wp-content\\\/uploads\\\/2017\\\/01\\\/premium.jpg\",\"datePublished\":\"2017-01-04T14:58:58+00:00\",\"dateModified\":\"2022-07-14T11:21:43+00:00\",\"breadcrumb\":{\"@id\":\"https:\\\/\\\/salgesch.ch\\\/fr\\\/gastronomie-fr\\\/boucherie-mueller\\\/#breadcrumb\"},\"inLanguage\":\"fr-CH\",\"potentialAction\":[{\"@type\":\"ReadAction\",\"target\":[\"https:\\\/\\\/salgesch.ch\\\/fr\\\/gastronomie-fr\\\/boucherie-mueller\\\/\"]}]},{\"@type\":\"ImageObject\",\"inLanguage\":\"fr-CH\",\"@id\":\"https:\\\/\\\/salgesch.ch\\\/fr\\\/gastronomie-fr\\\/boucherie-mueller\\\/#primaryimage\",\"url\":\"https:\\\/\\\/salgesch.ch\\\/wp-content\\\/uploads\\\/2017\\\/01\\\/premium.jpg\",\"contentUrl\":\"https:\\\/\\\/salgesch.ch\\\/wp-content\\\/uploads\\\/2017\\\/01\\\/premium.jpg\",\"width\":600,\"height\":600},{\"@type\":\"BreadcrumbList\",\"@id\":\"https:\\\/\\\/salgesch.ch\\\/fr\\\/gastronomie-fr\\\/boucherie-mueller\\\/#breadcrumb\",\"itemListElement\":[{\"@type\":\"ListItem\",\"position\":1,\"name\":\"Startseite\",\"item\":\"https:\\\/\\\/salgesch.ch\\\/fr\\\/\"},{\"@type\":\"ListItem\",\"position\":2,\"name\":\"Portfolio\",\"item\":\"https:\\\/\\\/salgesch.ch\\\/fr\\\/project\\\/\"},{\"@type\":\"ListItem\",\"position\":3,\"name\":\"BOUCHERIE M\u00dcLLER\"}]},{\"@type\":\"WebSite\",\"@id\":\"https:\\\/\\\/salgesch.ch\\\/fr\\\/#website\",\"url\":\"https:\\\/\\\/salgesch.ch\\\/fr\\\/\",\"name\":\"Salgesch I Salquenen\",\"description\":\"Das Weindorf der Schweiz\",\"potentialAction\":[{\"@type\":\"SearchAction\",\"target\":{\"@type\":\"EntryPoint\",\"urlTemplate\":\"https:\\\/\\\/salgesch.ch\\\/fr\\\/?s={search_term_string}\"},\"query-input\":{\"@type\":\"PropertyValueSpecification\",\"valueRequired\":true,\"valueName\":\"search_term_string\"}}],\"inLanguage\":\"fr-CH\"}]}<\/script>\n<!-- \/ Yoast SEO plugin. -->","yoast_head_json":{"title":"BOUCHERIE M\u00dcLLER - Salgesch I Salquenen","robots":{"index":"index","follow":"follow","max-snippet":"max-snippet:-1","max-image-preview":"max-image-preview:large","max-video-preview":"max-video-preview:-1"},"canonical":"https:\/\/salgesch.ch\/fr\/gastronomie-fr\/boucherie-mueller\/","og_locale":"fr_FR","og_type":"article","og_title":"BOUCHERIE M\u00dcLLER - Salgesch I Salquenen","og_description":"[vc_row][vc_column][vc_empty_space][vc_column_text] Avec amour et tradition Boucherie\u00a0M\u00fcller [\/vc_column_text][vc_empty_space height=&#8221;45px&#8221;][\/vc_column][\/vc_row][vc_row][vc_column width=&#8221;1\/4&#8243; offset=&#8221;vc_col-xs-6&#8243;][vc_single_image image=&#8221;1617&#8243; img_size=&#8221;80&#215;80&#8243; alignment=&#8221;center&#8221; css_animation=&#8221;fadeInDown&#8221;][vc_column_text] Lieu Unterdorfstrasse,\u00a0Centre [\/vc_column_text][\/vc_column][vc_column width=&#8221;1\/4&#8243; offset=&#8221;vc_col-xs-6&#8243;][vc_single_image image=&#8221;1609&#8243; img_size=&#8221;80&#215;80&#8243; alignment=&#8221;center&#8221; css_animation=&#8221;fadeInDown&#8221;][vc_column_text] Sp\u00e9cialit\u00e9s Charcuterie et saucisses maison [\/vc_column_text][\/vc_column][vc_column width=&#8221;1\/4&#8243; offset=&#8221;vc_col-xs-6&#8243;][vc_single_image image=&#8221;1612&#8243; img_size=&#8221;80&#215;80&#8243; alignment=&#8221;center&#8221; css_animation=&#8221;fadeInDown&#8221;][vc_column_text] Membre AOC et\u00a0IGP [\/vc_column_text][\/vc_column][vc_column width=&#8221;1\/4&#8243; offset=&#8221;vc_col-xs-6&#8243;][vc_single_image image=&#8221;1621&#8243; img_size=&#8221;80&#215;80&#8243; alignment=&#8221;center&#8221; css_animation=&#8221;fadeInDown&#8221;][vc_column_text] Commandes +41 (0)27 455\u00a018 12 [\/vc_column_text][\/vc_column][\/vc_row][vc_row][vc_column][vc_empty_space height=&#8221;45px&#8221;][vc_tta_tabs style=&#8221;flat&#8221; shape=&#8221;square&#8221; color=&#8221;white&#8221;&hellip;","og_url":"https:\/\/salgesch.ch\/fr\/gastronomie-fr\/boucherie-mueller\/","og_site_name":"Salgesch I Salquenen","article_modified_time":"2022-07-14T11:21:43+00:00","og_image":[{"width":600,"height":600,"url":"https:\/\/salgesch.ch\/wp-content\/uploads\/2017\/01\/premium.jpg","type":"image\/jpeg"}],"twitter_card":"summary_large_image","twitter_misc":{"Est. reading time":"1 minute"},"schema":{"@context":"https:\/\/schema.org","@graph":[{"@type":"WebPage","@id":"https:\/\/salgesch.ch\/fr\/gastronomie-fr\/boucherie-mueller\/","url":"https:\/\/salgesch.ch\/fr\/gastronomie-fr\/boucherie-mueller\/","name":"BOUCHERIE M\u00dcLLER - Salgesch I Salquenen","isPartOf":{"@id":"https:\/\/salgesch.ch\/fr\/#website"},"primaryImageOfPage":{"@id":"https:\/\/salgesch.ch\/fr\/gastronomie-fr\/boucherie-mueller\/#primaryimage"},"image":{"@id":"https:\/\/salgesch.ch\/fr\/gastronomie-fr\/boucherie-mueller\/#primaryimage"},"thumbnailUrl":"https:\/\/salgesch.ch\/wp-content\/uploads\/2017\/01\/premium.jpg","datePublished":"2017-01-04T14:58:58+00:00","dateModified":"2022-07-14T11:21:43+00:00","breadcrumb":{"@id":"https:\/\/salgesch.ch\/fr\/gastronomie-fr\/boucherie-mueller\/#breadcrumb"},"inLanguage":"fr-CH","potentialAction":[{"@type":"ReadAction","target":["https:\/\/salgesch.ch\/fr\/gastronomie-fr\/boucherie-mueller\/"]}]},{"@type":"ImageObject","inLanguage":"fr-CH","@id":"https:\/\/salgesch.ch\/fr\/gastronomie-fr\/boucherie-mueller\/#primaryimage","url":"https:\/\/salgesch.ch\/wp-content\/uploads\/2017\/01\/premium.jpg","contentUrl":"https:\/\/salgesch.ch\/wp-content\/uploads\/2017\/01\/premium.jpg","width":600,"height":600},{"@type":"BreadcrumbList","@id":"https:\/\/salgesch.ch\/fr\/gastronomie-fr\/boucherie-mueller\/#breadcrumb","itemListElement":[{"@type":"ListItem","position":1,"name":"Startseite","item":"https:\/\/salgesch.ch\/fr\/"},{"@type":"ListItem","position":2,"name":"Portfolio","item":"https:\/\/salgesch.ch\/fr\/project\/"},{"@type":"ListItem","position":3,"name":"BOUCHERIE M\u00dcLLER"}]},{"@type":"WebSite","@id":"https:\/\/salgesch.ch\/fr\/#website","url":"https:\/\/salgesch.ch\/fr\/","name":"Salgesch I Salquenen","description":"Das Weindorf der Schweiz","potentialAction":[{"@type":"SearchAction","target":{"@type":"EntryPoint","urlTemplate":"https:\/\/salgesch.ch\/fr\/?s={search_term_string}"},"query-input":{"@type":"PropertyValueSpecification","valueRequired":true,"valueName":"search_term_string"}}],"inLanguage":"fr-CH"}]}},"_links":{"self":[{"href":"https:\/\/salgesch.ch\/fr\/wp-json\/wp\/v2\/dt_portfolio\/2633","targetHints":{"allow":["GET"]}}],"collection":[{"href":"https:\/\/salgesch.ch\/fr\/wp-json\/wp\/v2\/dt_portfolio"}],"about":[{"href":"https:\/\/salgesch.ch\/fr\/wp-json\/wp\/v2\/types\/dt_portfolio"}],"author":[{"embeddable":true,"href":"https:\/\/salgesch.ch\/fr\/wp-json\/wp\/v2\/users\/1"}],"replies":[{"embeddable":true,"href":"https:\/\/salgesch.ch\/fr\/wp-json\/wp\/v2\/comments?post=2633"}],"version-history":[{"count":3,"href":"https:\/\/salgesch.ch\/fr\/wp-json\/wp\/v2\/dt_portfolio\/2633\/revisions"}],"predecessor-version":[{"id":7662,"href":"https:\/\/salgesch.ch\/fr\/wp-json\/wp\/v2\/dt_portfolio\/2633\/revisions\/7662"}],"wp:featuredmedia":[{"embeddable":true,"href":"https:\/\/salgesch.ch\/fr\/wp-json\/wp\/v2\/media\/4808"}],"wp:attachment":[{"href":"https:\/\/salgesch.ch\/fr\/wp-json\/wp\/v2\/media?parent=2633"}],"wp:term":[{"taxonomy":"dt_portfolio_category","embeddable":true,"href":"https:\/\/salgesch.ch\/fr\/wp-json\/wp\/v2\/dt_portfolio_category?post=2633"},{"taxonomy":"dt_portfolio_tags","embeddable":true,"href":"https:\/\/salgesch.ch\/fr\/wp-json\/wp\/v2\/dt_portfolio_tags?post=2633"}],"curies":[{"name":"wp","href":"https:\/\/api.w.org\/{rel}","templated":true}]}}