{"id":4172,"date":"2019-09-09T06:52:38","date_gmt":"2019-09-09T06:52:38","guid":{"rendered":"http:\/\/salgesch.ch\/fr\/?post_type=dt_portfolio&#038;p=4172"},"modified":"2022-07-14T11:27:06","modified_gmt":"2022-07-14T11:27:06","slug":"bauers-catering","status":"publish","type":"dt_portfolio","link":"https:\/\/salgesch.ch\/fr\/gastronomie-fr\/bauers-catering\/","title":{"rendered":"BAUER&#8217;S CATERING"},"content":{"rendered":"<div class=\"wpb-content-wrapper\"><p>[vc_row][vc_column][vc_empty_space][vc_column_text]<\/p>\n<h5 style=\"text-align: center;\"><span style=\"color: #950048;\">Simplement bon\u00a0\u00a0<\/span><\/h5>\n<h2 style=\"text-align: center;\"><strong><span style=\"color: black;\">Bauer&#8217;s Catering<\/span><\/strong><\/h2>\n<p>[\/vc_column_text][vc_empty_space height=&#8221;45px&#8221;][\/vc_column][\/vc_row][vc_row][vc_column width=&#8221;1\/4&#8243; offset=&#8221;vc_col-xs-6&#8243;][vc_single_image image=&#8221;1617&#8243; img_size=&#8221;80&#215;80&#8243; alignment=&#8221;center&#8221; css_animation=&#8221;fadeInDown&#8221;][vc_column_text]<\/p>\n<p style=\"text-align: center;\"><strong><span style=\"color: black;\">Lieu<\/span><\/strong><\/p>\n<p style=\"text-align: center;\"><span style=\"color: #333333;\">Obere Maressenstr. 10<br \/>\n3954\u00a0Lo\u00e8che-les-Bains<\/span><\/p>\n<p>[\/vc_column_text][\/vc_column][vc_column width=&#8221;1\/4&#8243; offset=&#8221;vc_col-xs-6&#8243;][vc_single_image image=&#8221;1609&#8243; img_size=&#8221;80&#215;80&#8243; alignment=&#8221;center&#8221; css_animation=&#8221;fadeInDown&#8221;][vc_column_text]<\/p>\n<p style=\"text-align: center;\"><strong><span style=\"color: black;\">Sp\u00e9cialit\u00e9s<\/span><\/strong><\/p>\n<p style=\"text-align: center;\">Traiteur<\/p>\n<p>[\/vc_column_text][\/vc_column][vc_column width=&#8221;1\/4&#8243; offset=&#8221;vc_col-xs-6&#8243;][vc_single_image image=&#8221;1612&#8243; img_size=&#8221;80&#215;80&#8243; alignment=&#8221;center&#8221; css_animation=&#8221;fadeInDown&#8221;][vc_column_text]<\/p>\n<p style=\"text-align: center;\"><strong>Exp\u00e9rience<\/strong><\/p>\n<p style=\"text-align: center;\">Plus de 30 ans<br \/>\nd&#8217;innombrables \u00e9v\u00e8nements<\/p>\n<p>[\/vc_column_text][\/vc_column][vc_column width=&#8221;1\/4&#8243; offset=&#8221;vc_col-xs-6&#8243;][vc_single_image image=&#8221;1621&#8243; img_size=&#8221;80&#215;80&#8243; alignment=&#8221;center&#8221; css_animation=&#8221;fadeInDown&#8221;][vc_column_text]<\/p>\n<p style=\"text-align: center;\"><strong>Contact<\/strong><\/p>\n<p style=\"text-align: center;\"><a href=\"tel:+41792203977\"><span style=\"color: #333333;\">+41 (0)79 220 39 77<\/span><\/a><\/p>\n<p>[\/vc_column_text][\/vc_column][\/vc_row][vc_row][vc_column][vc_empty_space height=&#8221;45px&#8221;][vc_tta_tabs style=&#8221;flat&#8221; shape=&#8221;square&#8221; color=&#8221;white&#8221; alignment=&#8221;center&#8221; active_section=&#8221;1&#8243; pagination_style=&#8221;flat-round&#8221; no_fill_content_area=&#8221;true&#8221;][vc_tta_section title=&#8221;\u00c0 PROPOS&#8221; tab_id=&#8221;a-propos&#8221;][vc_empty_space height=&#8221;40px&#8221;][vc_column_text]<\/p>\n<h2 style=\"text-align: center;\">\u00c0\u00a0propos<\/h2>\n<h6 style=\"text-align: center;\"><em><span style=\"color: #950048;\">Service traiteur<\/span><\/em><\/h6>\n<p>[\/vc_column_text][vc_column_text css=&#8221;.vc_custom_1568014627863{margin-top: 50px !important;margin-right: 50px !important;margin-bottom: 50px !important;margin-left: 50px !important;}&#8221;]<\/p>\n<div class=\"elementor-element elementor-element-39d47c8 elementor-widget elementor-widget-text-editor\" data-id=\"39d47c8\" data-element_type=\"widget\" data-widget_type=\"text-editor.default\">\n<div class=\"elementor-widget-container\">\n<div class=\"elementor-text-editor elementor-clearfix\">\n<p style=\"text-align: center;\"><img loading=\"lazy\" decoding=\"async\" class=\"alignnone size-medium wp-image-4191\" src=\"http:\/\/salgesch.ch\/wp-content\/uploads\/2019\/09\/Bauers-Catering-Logo-Vektor-300x176.png\" alt=\"Bauers-Catering-Logo-Vektor\" width=\"300\" height=\"176\" srcset=\"https:\/\/salgesch.ch\/wp-content\/uploads\/2019\/09\/Bauers-Catering-Logo-Vektor-300x176.png 300w, https:\/\/salgesch.ch\/wp-content\/uploads\/2019\/09\/Bauers-Catering-Logo-Vektor.png 500w\" sizes=\"auto, (max-width: 300px) 100vw, 300px\" \/><\/p>\n<p style=\"text-align: center;\">Vous\u00a0pr\u00e9voyez une f\u00eate avec des amis, des parents ou des partenaires d&#8217;affaires et aimeriez les g\u00e2ter avec des d\u00e9lices culinaires? Nous pensons que chaque occasion est sp\u00e9ciale et qu&#8217;il faut trouver la bonne nourriture pour chaque occasion. Bauers Catering vous propose un service de restauration individuel pour votre \u00e9v\u00e9nement, qu&#8217;il s&#8217;agisse d&#8217;une f\u00eate de famille, d&#8217;une conf\u00e9rence ou d&#8217;un \u00e9v\u00e9nement d&#8217;entreprise. Comme finger food, buffet ou menu.<\/p>\n<p style=\"text-align: center;\">Nous trouvons l&#8217;approche catering qui convient \u00e0 votre entreprise ou \u00e0 votre marque.<\/p>\n<p style=\"text-align: center;\">Klaus Bauer<\/p>\n<\/div>\n<\/div>\n<\/div>\n<p>[\/vc_column_text][\/vc_tta_section][vc_tta_section title=&#8221;GALERIE&#8221; tab_id=&#8221;galeriecf34-f889&#8243;][vc_empty_space height=&#8221;40px&#8221;][vc_column_text]<\/p>\n<h2 style=\"text-align: center;\"><span style=\"color: black;\">Galerie<\/span><\/h2>\n<h6 style=\"text-align: center;\"><em><span style=\"color: #950048;\">Quelques impressions<\/span><\/em><\/h6>\n<p>[\/vc_column_text][vc_masonry_media_grid gap=&#8221;3&#8243; item=&#8221;mediaGrid_Default&#8221; initial_loading_animation=&#8221;fadeIn&#8221; grid_id=&#8221;vc_gid:1657798016730-78642029-7d2e-8&#8243; include=&#8221;4176,4175,4174&#8243;][\/vc_tta_section][vc_tta_section title=&#8221;KONTAKT&#8221; tab_id=&#8221;Kontakt&#8221;][vc_empty_space height=&#8221;40px&#8221;][vc_column_text]<\/p>\n<h2 style=\"text-align: center;\"><span style=\"color: black;\">Contact<\/span><\/h2>\n<h6 style=\"text-align: center;\"><em><span style=\"color: #950048;\">Contactez nous<\/span><\/em><\/h6>\n<p>[\/vc_column_text][vc_row_inner][vc_column_inner][vc_column_text]<\/p>\n<p style=\"text-align: center;\">Obere Maressenstr. 10<br \/>\n3954\u00a0Lo\u00e8che-les-Bains<br \/>\n<a href=\"tel:+41792203479\">+41 (0)79 220 34 79<\/a><\/p>\n<p style=\"text-align: center;\"><a href=\"https:\/\/bauers-catering.ch\" target=\"_blank\" rel=\"noopener\">bauers-catering.ch<\/a><\/p>\n<p>[\/vc_column_text][vc_empty_space height=&#8221;40px&#8221;][\/vc_column_inner][\/vc_row_inner][\/vc_tta_section][\/vc_tta_tabs][\/vc_column][\/vc_row]<\/p>\n<\/div>","protected":false},"excerpt":{"rendered":"<p>[vc_row][vc_column][vc_empty_space][vc_column_text] Simplement bon\u00a0\u00a0 Bauer&#8217;s Catering [\/vc_column_text][vc_empty_space height=&#8221;45px&#8221;][\/vc_column][\/vc_row][vc_row][vc_column width=&#8221;1\/4&#8243; offset=&#8221;vc_col-xs-6&#8243;][vc_single_image image=&#8221;1617&#8243; img_size=&#8221;80&#215;80&#8243; alignment=&#8221;center&#8221; css_animation=&#8221;fadeInDown&#8221;][vc_column_text] Lieu Obere Maressenstr. 10 3954\u00a0Lo\u00e8che-les-Bains [\/vc_column_text][\/vc_column][vc_column width=&#8221;1\/4&#8243; offset=&#8221;vc_col-xs-6&#8243;][vc_single_image image=&#8221;1609&#8243; img_size=&#8221;80&#215;80&#8243; alignment=&#8221;center&#8221; css_animation=&#8221;fadeInDown&#8221;][vc_column_text] Sp\u00e9cialit\u00e9s Traiteur [\/vc_column_text][\/vc_column][vc_column width=&#8221;1\/4&#8243; offset=&#8221;vc_col-xs-6&#8243;][vc_single_image image=&#8221;1612&#8243; img_size=&#8221;80&#215;80&#8243; alignment=&#8221;center&#8221; css_animation=&#8221;fadeInDown&#8221;][vc_column_text] Exp\u00e9rience Plus de 30 ans d&#8217;innombrables \u00e9v\u00e8nements [\/vc_column_text][\/vc_column][vc_column width=&#8221;1\/4&#8243; offset=&#8221;vc_col-xs-6&#8243;][vc_single_image image=&#8221;1621&#8243; img_size=&#8221;80&#215;80&#8243; alignment=&#8221;center&#8221; css_animation=&#8221;fadeInDown&#8221;][vc_column_text] Contact +41 (0)79 220 39 77 [\/vc_column_text][\/vc_column][\/vc_row][vc_row][vc_column][vc_empty_space&hellip;<\/p>\n","protected":false},"author":1,"featured_media":5038,"comment_status":"closed","ping_status":"closed","template":"","dt_portfolio_category":[15],"dt_portfolio_tags":[],"class_list":["post-4172","dt_portfolio","type-dt_portfolio","status-publish","has-post-thumbnail","hentry","dt_portfolio_category-gastronomie-fr","dt_portfolio_category-15","description-off"],"yoast_head":"<!-- This site is optimized with the Yoast SEO plugin v27.5 - https:\/\/yoast.com\/product\/yoast-seo-wordpress\/ -->\n<title>BAUER&#039;S CATERING - Salgesch I Salquenen<\/title>\n<meta name=\"robots\" content=\"index, follow, max-snippet:-1, max-image-preview:large, max-video-preview:-1\" \/>\n<link rel=\"canonical\" href=\"https:\/\/salgesch.ch\/fr\/gastronomie-fr\/bauers-catering\/\" \/>\n<meta property=\"og:locale\" content=\"fr_FR\" \/>\n<meta property=\"og:type\" content=\"article\" \/>\n<meta property=\"og:title\" content=\"BAUER&#039;S CATERING - Salgesch I Salquenen\" \/>\n<meta property=\"og:description\" content=\"[vc_row][vc_column][vc_empty_space][vc_column_text] Simplement bon\u00a0\u00a0 Bauer&#8217;s Catering [\/vc_column_text][vc_empty_space height=&#8221;45px&#8221;][\/vc_column][\/vc_row][vc_row][vc_column width=&#8221;1\/4&#8243; offset=&#8221;vc_col-xs-6&#8243;][vc_single_image image=&#8221;1617&#8243; img_size=&#8221;80&#215;80&#8243; alignment=&#8221;center&#8221; css_animation=&#8221;fadeInDown&#8221;][vc_column_text] Lieu Obere Maressenstr. 10 3954\u00a0Lo\u00e8che-les-Bains [\/vc_column_text][\/vc_column][vc_column width=&#8221;1\/4&#8243; offset=&#8221;vc_col-xs-6&#8243;][vc_single_image image=&#8221;1609&#8243; img_size=&#8221;80&#215;80&#8243; alignment=&#8221;center&#8221; css_animation=&#8221;fadeInDown&#8221;][vc_column_text] Sp\u00e9cialit\u00e9s Traiteur [\/vc_column_text][\/vc_column][vc_column width=&#8221;1\/4&#8243; offset=&#8221;vc_col-xs-6&#8243;][vc_single_image image=&#8221;1612&#8243; img_size=&#8221;80&#215;80&#8243; alignment=&#8221;center&#8221; css_animation=&#8221;fadeInDown&#8221;][vc_column_text] Exp\u00e9rience Plus de 30 ans d&#8217;innombrables \u00e9v\u00e8nements [\/vc_column_text][\/vc_column][vc_column width=&#8221;1\/4&#8243; offset=&#8221;vc_col-xs-6&#8243;][vc_single_image image=&#8221;1621&#8243; img_size=&#8221;80&#215;80&#8243; alignment=&#8221;center&#8221; css_animation=&#8221;fadeInDown&#8221;][vc_column_text] Contact +41 (0)79 220 39 77 [\/vc_column_text][\/vc_column][\/vc_row][vc_row][vc_column][vc_empty_space&hellip;\" \/>\n<meta property=\"og:url\" content=\"https:\/\/salgesch.ch\/fr\/gastronomie-fr\/bauers-catering\/\" \/>\n<meta property=\"og:site_name\" content=\"Salgesch I Salquenen\" \/>\n<meta property=\"article:modified_time\" content=\"2022-07-14T11:27:06+00:00\" \/>\n<meta property=\"og:image\" content=\"https:\/\/salgesch.ch\/wp-content\/uploads\/2019\/09\/bauers-catering.jpg\" \/>\n\t<meta property=\"og:image:width\" content=\"720\" \/>\n\t<meta property=\"og:image:height\" content=\"960\" \/>\n\t<meta property=\"og:image:type\" content=\"image\/jpeg\" \/>\n<meta name=\"twitter:card\" content=\"summary_large_image\" \/>\n<meta name=\"twitter:label1\" content=\"Est. reading time\" \/>\n\t<meta name=\"twitter:data1\" content=\"2 minutes\" \/>\n<script type=\"application\/ld+json\" class=\"yoast-schema-graph\">{\"@context\":\"https:\\\/\\\/schema.org\",\"@graph\":[{\"@type\":\"WebPage\",\"@id\":\"https:\\\/\\\/salgesch.ch\\\/fr\\\/gastronomie-fr\\\/bauers-catering\\\/\",\"url\":\"https:\\\/\\\/salgesch.ch\\\/fr\\\/gastronomie-fr\\\/bauers-catering\\\/\",\"name\":\"BAUER'S CATERING - Salgesch I Salquenen\",\"isPartOf\":{\"@id\":\"https:\\\/\\\/salgesch.ch\\\/fr\\\/#website\"},\"primaryImageOfPage\":{\"@id\":\"https:\\\/\\\/salgesch.ch\\\/fr\\\/gastronomie-fr\\\/bauers-catering\\\/#primaryimage\"},\"image\":{\"@id\":\"https:\\\/\\\/salgesch.ch\\\/fr\\\/gastronomie-fr\\\/bauers-catering\\\/#primaryimage\"},\"thumbnailUrl\":\"https:\\\/\\\/salgesch.ch\\\/wp-content\\\/uploads\\\/2019\\\/09\\\/bauers-catering.jpg\",\"datePublished\":\"2019-09-09T06:52:38+00:00\",\"dateModified\":\"2022-07-14T11:27:06+00:00\",\"breadcrumb\":{\"@id\":\"https:\\\/\\\/salgesch.ch\\\/fr\\\/gastronomie-fr\\\/bauers-catering\\\/#breadcrumb\"},\"inLanguage\":\"fr-CH\",\"potentialAction\":[{\"@type\":\"ReadAction\",\"target\":[\"https:\\\/\\\/salgesch.ch\\\/fr\\\/gastronomie-fr\\\/bauers-catering\\\/\"]}]},{\"@type\":\"ImageObject\",\"inLanguage\":\"fr-CH\",\"@id\":\"https:\\\/\\\/salgesch.ch\\\/fr\\\/gastronomie-fr\\\/bauers-catering\\\/#primaryimage\",\"url\":\"https:\\\/\\\/salgesch.ch\\\/wp-content\\\/uploads\\\/2019\\\/09\\\/bauers-catering.jpg\",\"contentUrl\":\"https:\\\/\\\/salgesch.ch\\\/wp-content\\\/uploads\\\/2019\\\/09\\\/bauers-catering.jpg\",\"width\":720,\"height\":960},{\"@type\":\"BreadcrumbList\",\"@id\":\"https:\\\/\\\/salgesch.ch\\\/fr\\\/gastronomie-fr\\\/bauers-catering\\\/#breadcrumb\",\"itemListElement\":[{\"@type\":\"ListItem\",\"position\":1,\"name\":\"Startseite\",\"item\":\"https:\\\/\\\/salgesch.ch\\\/fr\\\/\"},{\"@type\":\"ListItem\",\"position\":2,\"name\":\"Portfolio\",\"item\":\"https:\\\/\\\/salgesch.ch\\\/fr\\\/project\\\/\"},{\"@type\":\"ListItem\",\"position\":3,\"name\":\"BAUER&rsquo;S CATERING\"}]},{\"@type\":\"WebSite\",\"@id\":\"https:\\\/\\\/salgesch.ch\\\/fr\\\/#website\",\"url\":\"https:\\\/\\\/salgesch.ch\\\/fr\\\/\",\"name\":\"Salgesch I Salquenen\",\"description\":\"Das Weindorf der Schweiz\",\"potentialAction\":[{\"@type\":\"SearchAction\",\"target\":{\"@type\":\"EntryPoint\",\"urlTemplate\":\"https:\\\/\\\/salgesch.ch\\\/fr\\\/?s={search_term_string}\"},\"query-input\":{\"@type\":\"PropertyValueSpecification\",\"valueRequired\":true,\"valueName\":\"search_term_string\"}}],\"inLanguage\":\"fr-CH\"}]}<\/script>\n<!-- \/ Yoast SEO plugin. -->","yoast_head_json":{"title":"BAUER'S CATERING - Salgesch I Salquenen","robots":{"index":"index","follow":"follow","max-snippet":"max-snippet:-1","max-image-preview":"max-image-preview:large","max-video-preview":"max-video-preview:-1"},"canonical":"https:\/\/salgesch.ch\/fr\/gastronomie-fr\/bauers-catering\/","og_locale":"fr_FR","og_type":"article","og_title":"BAUER'S CATERING - Salgesch I Salquenen","og_description":"[vc_row][vc_column][vc_empty_space][vc_column_text] Simplement bon\u00a0\u00a0 Bauer&#8217;s Catering [\/vc_column_text][vc_empty_space height=&#8221;45px&#8221;][\/vc_column][\/vc_row][vc_row][vc_column width=&#8221;1\/4&#8243; offset=&#8221;vc_col-xs-6&#8243;][vc_single_image image=&#8221;1617&#8243; img_size=&#8221;80&#215;80&#8243; alignment=&#8221;center&#8221; css_animation=&#8221;fadeInDown&#8221;][vc_column_text] Lieu Obere Maressenstr. 10 3954\u00a0Lo\u00e8che-les-Bains [\/vc_column_text][\/vc_column][vc_column width=&#8221;1\/4&#8243; offset=&#8221;vc_col-xs-6&#8243;][vc_single_image image=&#8221;1609&#8243; img_size=&#8221;80&#215;80&#8243; alignment=&#8221;center&#8221; css_animation=&#8221;fadeInDown&#8221;][vc_column_text] Sp\u00e9cialit\u00e9s Traiteur [\/vc_column_text][\/vc_column][vc_column width=&#8221;1\/4&#8243; offset=&#8221;vc_col-xs-6&#8243;][vc_single_image image=&#8221;1612&#8243; img_size=&#8221;80&#215;80&#8243; alignment=&#8221;center&#8221; css_animation=&#8221;fadeInDown&#8221;][vc_column_text] Exp\u00e9rience Plus de 30 ans d&#8217;innombrables \u00e9v\u00e8nements [\/vc_column_text][\/vc_column][vc_column width=&#8221;1\/4&#8243; offset=&#8221;vc_col-xs-6&#8243;][vc_single_image image=&#8221;1621&#8243; img_size=&#8221;80&#215;80&#8243; alignment=&#8221;center&#8221; css_animation=&#8221;fadeInDown&#8221;][vc_column_text] Contact +41 (0)79 220 39 77 [\/vc_column_text][\/vc_column][\/vc_row][vc_row][vc_column][vc_empty_space&hellip;","og_url":"https:\/\/salgesch.ch\/fr\/gastronomie-fr\/bauers-catering\/","og_site_name":"Salgesch I Salquenen","article_modified_time":"2022-07-14T11:27:06+00:00","og_image":[{"width":720,"height":960,"url":"https:\/\/salgesch.ch\/wp-content\/uploads\/2019\/09\/bauers-catering.jpg","type":"image\/jpeg"}],"twitter_card":"summary_large_image","twitter_misc":{"Est. reading time":"2 minutes"},"schema":{"@context":"https:\/\/schema.org","@graph":[{"@type":"WebPage","@id":"https:\/\/salgesch.ch\/fr\/gastronomie-fr\/bauers-catering\/","url":"https:\/\/salgesch.ch\/fr\/gastronomie-fr\/bauers-catering\/","name":"BAUER'S CATERING - Salgesch I Salquenen","isPartOf":{"@id":"https:\/\/salgesch.ch\/fr\/#website"},"primaryImageOfPage":{"@id":"https:\/\/salgesch.ch\/fr\/gastronomie-fr\/bauers-catering\/#primaryimage"},"image":{"@id":"https:\/\/salgesch.ch\/fr\/gastronomie-fr\/bauers-catering\/#primaryimage"},"thumbnailUrl":"https:\/\/salgesch.ch\/wp-content\/uploads\/2019\/09\/bauers-catering.jpg","datePublished":"2019-09-09T06:52:38+00:00","dateModified":"2022-07-14T11:27:06+00:00","breadcrumb":{"@id":"https:\/\/salgesch.ch\/fr\/gastronomie-fr\/bauers-catering\/#breadcrumb"},"inLanguage":"fr-CH","potentialAction":[{"@type":"ReadAction","target":["https:\/\/salgesch.ch\/fr\/gastronomie-fr\/bauers-catering\/"]}]},{"@type":"ImageObject","inLanguage":"fr-CH","@id":"https:\/\/salgesch.ch\/fr\/gastronomie-fr\/bauers-catering\/#primaryimage","url":"https:\/\/salgesch.ch\/wp-content\/uploads\/2019\/09\/bauers-catering.jpg","contentUrl":"https:\/\/salgesch.ch\/wp-content\/uploads\/2019\/09\/bauers-catering.jpg","width":720,"height":960},{"@type":"BreadcrumbList","@id":"https:\/\/salgesch.ch\/fr\/gastronomie-fr\/bauers-catering\/#breadcrumb","itemListElement":[{"@type":"ListItem","position":1,"name":"Startseite","item":"https:\/\/salgesch.ch\/fr\/"},{"@type":"ListItem","position":2,"name":"Portfolio","item":"https:\/\/salgesch.ch\/fr\/project\/"},{"@type":"ListItem","position":3,"name":"BAUER&rsquo;S CATERING"}]},{"@type":"WebSite","@id":"https:\/\/salgesch.ch\/fr\/#website","url":"https:\/\/salgesch.ch\/fr\/","name":"Salgesch I Salquenen","description":"Das Weindorf der Schweiz","potentialAction":[{"@type":"SearchAction","target":{"@type":"EntryPoint","urlTemplate":"https:\/\/salgesch.ch\/fr\/?s={search_term_string}"},"query-input":{"@type":"PropertyValueSpecification","valueRequired":true,"valueName":"search_term_string"}}],"inLanguage":"fr-CH"}]}},"_links":{"self":[{"href":"https:\/\/salgesch.ch\/fr\/wp-json\/wp\/v2\/dt_portfolio\/4172","targetHints":{"allow":["GET"]}}],"collection":[{"href":"https:\/\/salgesch.ch\/fr\/wp-json\/wp\/v2\/dt_portfolio"}],"about":[{"href":"https:\/\/salgesch.ch\/fr\/wp-json\/wp\/v2\/types\/dt_portfolio"}],"author":[{"embeddable":true,"href":"https:\/\/salgesch.ch\/fr\/wp-json\/wp\/v2\/users\/1"}],"replies":[{"embeddable":true,"href":"https:\/\/salgesch.ch\/fr\/wp-json\/wp\/v2\/comments?post=4172"}],"version-history":[{"count":4,"href":"https:\/\/salgesch.ch\/fr\/wp-json\/wp\/v2\/dt_portfolio\/4172\/revisions"}],"predecessor-version":[{"id":7667,"href":"https:\/\/salgesch.ch\/fr\/wp-json\/wp\/v2\/dt_portfolio\/4172\/revisions\/7667"}],"wp:featuredmedia":[{"embeddable":true,"href":"https:\/\/salgesch.ch\/fr\/wp-json\/wp\/v2\/media\/5038"}],"wp:attachment":[{"href":"https:\/\/salgesch.ch\/fr\/wp-json\/wp\/v2\/media?parent=4172"}],"wp:term":[{"taxonomy":"dt_portfolio_category","embeddable":true,"href":"https:\/\/salgesch.ch\/fr\/wp-json\/wp\/v2\/dt_portfolio_category?post=4172"},{"taxonomy":"dt_portfolio_tags","embeddable":true,"href":"https:\/\/salgesch.ch\/fr\/wp-json\/wp\/v2\/dt_portfolio_tags?post=4172"}],"curies":[{"name":"wp","href":"https:\/\/api.w.org\/{rel}","templated":true}]}}