{"id":2012,"date":"2016-10-21T14:18:13","date_gmt":"2016-10-21T14:18:13","guid":{"rendered":"http:\/\/salgesch.ch\/fr\/?page_id=2012"},"modified":"2023-04-20T11:43:59","modified_gmt":"2023-04-20T11:43:59","slug":"experience","status":"publish","type":"page","link":"https:\/\/salgesch.ch\/fr\/experience\/","title":{"rendered":"Exp\u00e9rience"},"content":{"rendered":"<div class=\"wpb-content-wrapper\"><p>[vc_row][vc_column]<div class=\"dt-shortcode with-isotope\"><div class=\"wf-container dt-portfolio-shortcode jgrid-shortcode loading-effect-none iso-grid jg-container description-on-hover hover-style-one content-align-centre always-show-info\" data-padding=\"20px\" data-cur-page=\"1\" data-posts-per-page=\"-1\" data-target-height=\"300px\">\n<div class=\"wf-cell\" data-post-id=\"2020\" data-date=\"2016-10-21T08:21:29+00:00\" data-name=\"MUS\u00c9E DU VIN\">\n<article class=\"post post-2020 dt_portfolio type-dt_portfolio status-publish has-post-thumbnail hentry dt_portfolio_category-experience dt_portfolio_category-17 text-centered\">\n\n\t<figure class=\"rollover-project forward-post\">\n\t<a href=\"https:\/\/salgesch.ch\/fr\/experience\/musee-du-vin\/\" class=\"layzr-bg\" title=\"Weinfru\u0308hling2024_FotoWalter_web359\"  aria-label=\"Post image\"><img fetchpriority=\"high\" decoding=\"async\" class=\"preload-me jgrid-lazy-load aspect\" src=\"data:image\/svg+xml,%3Csvg%20xmlns%3D&#39;http%3A%2F%2Fwww.w3.org%2F2000%2Fsvg&#39;%20viewBox%3D&#39;0%200%20520%20390&#39;%2F%3E\" data-src=\"https:\/\/salgesch.ch\/wp-content\/uploads\/2016\/06\/Weinfruehling2024_FotoWalter_web359-520x390.jpg\" data-srcset=\"https:\/\/salgesch.ch\/wp-content\/uploads\/2016\/06\/Weinfruehling2024_FotoWalter_web359-520x390.jpg 520w, https:\/\/salgesch.ch\/wp-content\/uploads\/2016\/06\/Weinfruehling2024_FotoWalter_web359-1040x780.jpg 1040w\" loading=\"eager\" style=\"--ratio: 520 \/ 390\" sizes=\"(max-width: 520px) 100vw, 520px\" alt=\"\" width=\"520\" height=\"390\"  \/><\/a>\t\t<figcaption class=\"rollover-content\">\n\t\t\t\t\t\t<div class=\"rollover-content-container\">\n\t\t\t<h3 class=\"entry-title\"><a href=\"https:\/\/salgesch.ch\/fr\/experience\/musee-du-vin\/\" title=\"MUS\u00c9E DU VIN\" rel=\"bookmark\">MUS\u00c9E DU VIN<\/a><\/h3>\t\t<\/div>\n\t\t\t\t\t<\/figcaption>\n\t<\/figure>\n<\/article>\n\n<\/div>\n<div class=\"wf-cell\" data-post-id=\"2027\" data-date=\"2016-10-21T08:30:40+00:00\" data-name=\"LE SENSORIUM DU VIN\">\n<article class=\"post post-2027 dt_portfolio type-dt_portfolio status-publish has-post-thumbnail hentry dt_portfolio_category-experience dt_portfolio_category-17 text-centered\">\n\n\t<figure class=\"rollover-project forward-post\">\n\t<a href=\"https:\/\/salgesch.ch\/fr\/experience\/sensorium\/\" class=\"layzr-bg\" title=\"Weinsensorium Salgesch\"  aria-label=\"Post image\"><img decoding=\"async\" class=\"preload-me jgrid-lazy-load aspect\" src=\"data:image\/svg+xml,%3Csvg%20xmlns%3D&#39;http%3A%2F%2Fwww.w3.org%2F2000%2Fsvg&#39;%20viewBox%3D&#39;0%200%20519%20390&#39;%2F%3E\" data-src=\"https:\/\/salgesch.ch\/wp-content\/uploads\/2016\/07\/1db4694a653565fe39db6c20a49133ff-519x390.jpg\" data-srcset=\"https:\/\/salgesch.ch\/wp-content\/uploads\/2016\/07\/1db4694a653565fe39db6c20a49133ff-519x390.jpg 519w, https:\/\/salgesch.ch\/wp-content\/uploads\/2016\/07\/1db4694a653565fe39db6c20a49133ff-665x500.jpg 665w\" loading=\"eager\" style=\"--ratio: 519 \/ 390\" sizes=\"(max-width: 519px) 100vw, 519px\" alt=\"\" width=\"519\" height=\"390\"  \/><\/a>\t\t<figcaption class=\"rollover-content\">\n\t\t\t\t\t\t<div class=\"rollover-content-container\">\n\t\t\t<h3 class=\"entry-title\"><a href=\"https:\/\/salgesch.ch\/fr\/experience\/sensorium\/\" title=\"LE SENSORIUM DU VIN\" rel=\"bookmark\">LE SENSORIUM DU VIN<\/a><\/h3>\t\t<\/div>\n\t\t\t\t\t<\/figcaption>\n\t<\/figure>\n<\/article>\n\n<\/div>\n<div class=\"wf-cell\" data-post-id=\"2024\" data-date=\"2016-10-21T08:36:27+00:00\" data-name=\"PARC NATUREL PFYN-FINGES\">\n<article class=\"post post-2024 dt_portfolio type-dt_portfolio status-publish has-post-thumbnail hentry dt_portfolio_category-experience dt_portfolio_category-17 text-centered\">\n\n\t<figure class=\"rollover-project forward-post\">\n\t<a href=\"https:\/\/salgesch.ch\/fr\/experience\/parc-naturel-pfyn-finges\/\" class=\"layzr-bg\"   aria-label=\"Post image\"><img decoding=\"async\" class=\"preload-me jgrid-lazy-load aspect\" src=\"data:image\/svg+xml,%3Csvg%20xmlns%3D&#39;http%3A%2F%2Fwww.w3.org%2F2000%2Fsvg&#39;%20viewBox%3D&#39;0%200%20520%20390&#39;%2F%3E\" data-src=\"https:\/\/salgesch.ch\/wp-content\/uploads\/2016\/07\/pfyn4-520x390.jpg\" data-srcset=\"https:\/\/salgesch.ch\/wp-content\/uploads\/2016\/07\/pfyn4-520x390.jpg 520w, https:\/\/salgesch.ch\/wp-content\/uploads\/2016\/07\/pfyn4-1040x780.jpg 1040w\" loading=\"eager\" style=\"--ratio: 520 \/ 390\" sizes=\"(max-width: 520px) 100vw, 520px\" alt=\"\" width=\"520\" height=\"390\"  \/><\/a>\t\t<figcaption class=\"rollover-content\">\n\t\t\t\t\t\t<div class=\"rollover-content-container\">\n\t\t\t<h3 class=\"entry-title\"><a href=\"https:\/\/salgesch.ch\/fr\/experience\/parc-naturel-pfyn-finges\/\" title=\"PARC NATUREL PFYN-FINGES\" rel=\"bookmark\">PARC NATUREL PFYN-FINGES<\/a><\/h3>\t\t<\/div>\n\t\t\t\t\t<\/figcaption>\n\t<\/figure>\n<\/article>\n\n<\/div>\n<div class=\"wf-cell\" data-post-id=\"2025\" data-date=\"2016-10-21T08:50:23+00:00\" data-name=\"SENTIER DU L\u00c9ZARD VERT\">\n<article class=\"post post-2025 dt_portfolio type-dt_portfolio status-publish has-post-thumbnail hentry dt_portfolio_category-experience dt_portfolio_category-17 text-centered\">\n\n\t<figure class=\"rollover-project forward-post\">\n\t<a href=\"https:\/\/salgesch.ch\/fr\/experience\/sentier-du-lezard-vert\/\" class=\"layzr-bg\"   aria-label=\"Post image\"><img decoding=\"async\" class=\"preload-me jgrid-lazy-load aspect\" src=\"data:image\/svg+xml,%3Csvg%20xmlns%3D&#39;http%3A%2F%2Fwww.w3.org%2F2000%2Fsvg&#39;%20viewBox%3D&#39;0%200%20520%20390&#39;%2F%3E\" data-src=\"https:\/\/salgesch.ch\/wp-content\/uploads\/2016\/07\/smaragdeidechsenweg1-520x390.jpg\" data-srcset=\"https:\/\/salgesch.ch\/wp-content\/uploads\/2016\/07\/smaragdeidechsenweg1-520x390.jpg 520w, https:\/\/salgesch.ch\/wp-content\/uploads\/2016\/07\/smaragdeidechsenweg1-1040x780.jpg 1040w\" loading=\"eager\" style=\"--ratio: 520 \/ 390\" sizes=\"(max-width: 520px) 100vw, 520px\" alt=\"\" width=\"520\" height=\"390\"  \/><\/a>\t\t<figcaption class=\"rollover-content\">\n\t\t\t\t\t\t<div class=\"rollover-content-container\">\n\t\t\t<h3 class=\"entry-title\"><a href=\"https:\/\/salgesch.ch\/fr\/experience\/sentier-du-lezard-vert\/\" title=\"SENTIER DU L\u00c9ZARD VERT\" rel=\"bookmark\">SENTIER DU L\u00c9ZARD VERT<\/a><\/h3>\t\t<\/div>\n\t\t\t\t\t<\/figcaption>\n\t<\/figure>\n<\/article>\n\n<\/div>\n<div class=\"wf-cell\" data-post-id=\"2026\" data-date=\"2016-10-21T14:46:13+00:00\" data-name=\"RANDONN\u00c9ES\">\n<article class=\"post post-2026 dt_portfolio type-dt_portfolio status-publish has-post-thumbnail hentry dt_portfolio_category-experience dt_portfolio_category-17 text-centered\">\n\n\t<figure class=\"rollover-project forward-post\">\n\t<a href=\"https:\/\/salgesch.ch\/fr\/experience\/randonnees\/\" class=\"layzr-bg\"   aria-label=\"Post image\"><img decoding=\"async\" class=\"preload-me jgrid-lazy-load aspect\" src=\"data:image\/svg+xml,%3Csvg%20xmlns%3D&#39;http%3A%2F%2Fwww.w3.org%2F2000%2Fsvg&#39;%20viewBox%3D&#39;0%200%20520%20390&#39;%2F%3E\" data-src=\"https:\/\/salgesch.ch\/wp-content\/uploads\/2016\/07\/smaragdeidechsenweg2-520x390.jpg\" data-srcset=\"https:\/\/salgesch.ch\/wp-content\/uploads\/2016\/07\/smaragdeidechsenweg2-520x390.jpg 520w, https:\/\/salgesch.ch\/wp-content\/uploads\/2016\/07\/smaragdeidechsenweg2-1040x780.jpg 1040w\" loading=\"eager\" style=\"--ratio: 520 \/ 390\" sizes=\"(max-width: 520px) 100vw, 520px\" alt=\"\" width=\"520\" height=\"390\"  \/><\/a>\t\t<figcaption class=\"rollover-content\">\n\t\t\t\t\t\t<div class=\"rollover-content-container\">\n\t\t\t<h3 class=\"entry-title\"><a href=\"https:\/\/salgesch.ch\/fr\/experience\/randonnees\/\" title=\"RANDONN\u00c9ES\" rel=\"bookmark\">RANDONN\u00c9ES<\/a><\/h3>\t\t<\/div>\n\t\t\t\t\t<\/figcaption>\n\t<\/figure>\n<\/article>\n\n<\/div>\n<div class=\"wf-cell\" data-post-id=\"2022\" data-date=\"2016-10-21T14:49:47+00:00\" data-name=\"SENTIER CULTUREL\">\n<article class=\"post post-2022 dt_portfolio type-dt_portfolio status-publish has-post-thumbnail hentry dt_portfolio_category-experience dt_portfolio_category-17 text-centered\">\n\n\t<figure class=\"rollover-project forward-post\">\n\t<a href=\"https:\/\/salgesch.ch\/fr\/experience\/sentier-culturel\/\" class=\"layzr-bg\"   aria-label=\"Post image\"><img decoding=\"async\" class=\"preload-me jgrid-lazy-load aspect\" src=\"data:image\/svg+xml,%3Csvg%20xmlns%3D&#39;http%3A%2F%2Fwww.w3.org%2F2000%2Fsvg&#39;%20viewBox%3D&#39;0%200%20520%20390&#39;%2F%3E\" data-src=\"https:\/\/salgesch.ch\/wp-content\/uploads\/2016\/07\/kulturpfad-520x390.jpg\" data-srcset=\"https:\/\/salgesch.ch\/wp-content\/uploads\/2016\/07\/kulturpfad-520x390.jpg 520w, https:\/\/salgesch.ch\/wp-content\/uploads\/2016\/07\/kulturpfad-1040x780.jpg 1040w\" loading=\"eager\" style=\"--ratio: 520 \/ 390\" sizes=\"(max-width: 520px) 100vw, 520px\" alt=\"\" width=\"520\" height=\"390\"  \/><\/a>\t\t<figcaption class=\"rollover-content\">\n\t\t\t\t\t\t<div class=\"rollover-content-container\">\n\t\t\t<h3 class=\"entry-title\"><a href=\"https:\/\/salgesch.ch\/fr\/experience\/sentier-culturel\/\" title=\"SENTIER CULTUREL\" rel=\"bookmark\">SENTIER CULTUREL<\/a><\/h3>\t\t<\/div>\n\t\t\t\t\t<\/figcaption>\n\t<\/figure>\n<\/article>\n\n<\/div><\/div><\/div>[\/vc_column][\/vc_row]<\/p>\n<\/div>","protected":false},"excerpt":{"rendered":"<p>[vc_row][vc_column][\/vc_column][\/vc_row]<\/p>\n","protected":false},"author":1,"featured_media":0,"parent":0,"menu_order":0,"comment_status":"closed","ping_status":"closed","template":"","meta":{"footnotes":""},"class_list":["post-2012","page","type-page","status-publish","hentry","description-off"],"yoast_head":"<!-- This site is optimized with the Yoast SEO plugin v27.5 - https:\/\/yoast.com\/product\/yoast-seo-wordpress\/ -->\n<title>Exp\u00e9riences viticoles en Valais - Salgesch I Salquenen<\/title>\n<meta name=\"description\" content=\"D\u00e9couvrez nos activit\u00e9s autour du vin au c\u0153ur du Valais. Vous trouverez \u00e0 coup s\u00fbr quelque chose qui vous plaira \u00e0 Salquenen.\" \/>\n<meta name=\"robots\" content=\"index, follow, max-snippet:-1, max-image-preview:large, max-video-preview:-1\" \/>\n<link rel=\"canonical\" href=\"https:\/\/salgesch.ch\/fr\/experience\/\" \/>\n<meta property=\"og:locale\" content=\"fr_FR\" \/>\n<meta property=\"og:type\" content=\"article\" \/>\n<meta property=\"og:title\" content=\"Exp\u00e9riences viticoles en Valais - Salgesch I Salquenen\" \/>\n<meta property=\"og:description\" content=\"D\u00e9couvrez nos activit\u00e9s autour du vin au c\u0153ur du Valais. Vous trouverez \u00e0 coup s\u00fbr quelque chose qui vous plaira \u00e0 Salquenen.\" \/>\n<meta property=\"og:url\" content=\"https:\/\/salgesch.ch\/fr\/experience\/\" \/>\n<meta property=\"og:site_name\" content=\"Salgesch I Salquenen\" \/>\n<meta property=\"article:modified_time\" content=\"2023-04-20T11:43:59+00:00\" \/>\n<meta name=\"twitter:card\" content=\"summary_large_image\" \/>\n<meta name=\"twitter:label1\" content=\"Est. reading time\" \/>\n\t<meta name=\"twitter:data1\" content=\"1 minute\" \/>\n<script type=\"application\/ld+json\" class=\"yoast-schema-graph\">{\"@context\":\"https:\\\/\\\/schema.org\",\"@graph\":[{\"@type\":\"WebPage\",\"@id\":\"https:\\\/\\\/salgesch.ch\\\/fr\\\/experience\\\/\",\"url\":\"https:\\\/\\\/salgesch.ch\\\/fr\\\/experience\\\/\",\"name\":\"Exp\u00e9riences viticoles en Valais - Salgesch I Salquenen\",\"isPartOf\":{\"@id\":\"https:\\\/\\\/salgesch.ch\\\/fr\\\/#website\"},\"datePublished\":\"2016-10-21T14:18:13+00:00\",\"dateModified\":\"2023-04-20T11:43:59+00:00\",\"description\":\"D\u00e9couvrez nos activit\u00e9s autour du vin au c\u0153ur du Valais. Vous trouverez \u00e0 coup s\u00fbr quelque chose qui vous plaira \u00e0 Salquenen.\",\"breadcrumb\":{\"@id\":\"https:\\\/\\\/salgesch.ch\\\/fr\\\/experience\\\/#breadcrumb\"},\"inLanguage\":\"fr-CH\",\"potentialAction\":[{\"@type\":\"ReadAction\",\"target\":[\"https:\\\/\\\/salgesch.ch\\\/fr\\\/experience\\\/\"]}]},{\"@type\":\"BreadcrumbList\",\"@id\":\"https:\\\/\\\/salgesch.ch\\\/fr\\\/experience\\\/#breadcrumb\",\"itemListElement\":[{\"@type\":\"ListItem\",\"position\":1,\"name\":\"Startseite\",\"item\":\"https:\\\/\\\/salgesch.ch\\\/fr\\\/\"},{\"@type\":\"ListItem\",\"position\":2,\"name\":\"Exp\u00e9rience\"}]},{\"@type\":\"WebSite\",\"@id\":\"https:\\\/\\\/salgesch.ch\\\/fr\\\/#website\",\"url\":\"https:\\\/\\\/salgesch.ch\\\/fr\\\/\",\"name\":\"Salgesch I Salquenen\",\"description\":\"Das Weindorf der Schweiz\",\"potentialAction\":[{\"@type\":\"SearchAction\",\"target\":{\"@type\":\"EntryPoint\",\"urlTemplate\":\"https:\\\/\\\/salgesch.ch\\\/fr\\\/?s={search_term_string}\"},\"query-input\":{\"@type\":\"PropertyValueSpecification\",\"valueRequired\":true,\"valueName\":\"search_term_string\"}}],\"inLanguage\":\"fr-CH\"}]}<\/script>\n<!-- \/ Yoast SEO plugin. -->","yoast_head_json":{"title":"Exp\u00e9riences viticoles en Valais - Salgesch I Salquenen","description":"D\u00e9couvrez nos activit\u00e9s autour du vin au c\u0153ur du Valais. Vous trouverez \u00e0 coup s\u00fbr quelque chose qui vous plaira \u00e0 Salquenen.","robots":{"index":"index","follow":"follow","max-snippet":"max-snippet:-1","max-image-preview":"max-image-preview:large","max-video-preview":"max-video-preview:-1"},"canonical":"https:\/\/salgesch.ch\/fr\/experience\/","og_locale":"fr_FR","og_type":"article","og_title":"Exp\u00e9riences viticoles en Valais - Salgesch I Salquenen","og_description":"D\u00e9couvrez nos activit\u00e9s autour du vin au c\u0153ur du Valais. Vous trouverez \u00e0 coup s\u00fbr quelque chose qui vous plaira \u00e0 Salquenen.","og_url":"https:\/\/salgesch.ch\/fr\/experience\/","og_site_name":"Salgesch I Salquenen","article_modified_time":"2023-04-20T11:43:59+00:00","twitter_card":"summary_large_image","twitter_misc":{"Est. reading time":"1 minute"},"schema":{"@context":"https:\/\/schema.org","@graph":[{"@type":"WebPage","@id":"https:\/\/salgesch.ch\/fr\/experience\/","url":"https:\/\/salgesch.ch\/fr\/experience\/","name":"Exp\u00e9riences viticoles en Valais - Salgesch I Salquenen","isPartOf":{"@id":"https:\/\/salgesch.ch\/fr\/#website"},"datePublished":"2016-10-21T14:18:13+00:00","dateModified":"2023-04-20T11:43:59+00:00","description":"D\u00e9couvrez nos activit\u00e9s autour du vin au c\u0153ur du Valais. Vous trouverez \u00e0 coup s\u00fbr quelque chose qui vous plaira \u00e0 Salquenen.","breadcrumb":{"@id":"https:\/\/salgesch.ch\/fr\/experience\/#breadcrumb"},"inLanguage":"fr-CH","potentialAction":[{"@type":"ReadAction","target":["https:\/\/salgesch.ch\/fr\/experience\/"]}]},{"@type":"BreadcrumbList","@id":"https:\/\/salgesch.ch\/fr\/experience\/#breadcrumb","itemListElement":[{"@type":"ListItem","position":1,"name":"Startseite","item":"https:\/\/salgesch.ch\/fr\/"},{"@type":"ListItem","position":2,"name":"Exp\u00e9rience"}]},{"@type":"WebSite","@id":"https:\/\/salgesch.ch\/fr\/#website","url":"https:\/\/salgesch.ch\/fr\/","name":"Salgesch I Salquenen","description":"Das Weindorf der Schweiz","potentialAction":[{"@type":"SearchAction","target":{"@type":"EntryPoint","urlTemplate":"https:\/\/salgesch.ch\/fr\/?s={search_term_string}"},"query-input":{"@type":"PropertyValueSpecification","valueRequired":true,"valueName":"search_term_string"}}],"inLanguage":"fr-CH"}]}},"_links":{"self":[{"href":"https:\/\/salgesch.ch\/fr\/wp-json\/wp\/v2\/pages\/2012","targetHints":{"allow":["GET"]}}],"collection":[{"href":"https:\/\/salgesch.ch\/fr\/wp-json\/wp\/v2\/pages"}],"about":[{"href":"https:\/\/salgesch.ch\/fr\/wp-json\/wp\/v2\/types\/page"}],"author":[{"embeddable":true,"href":"https:\/\/salgesch.ch\/fr\/wp-json\/wp\/v2\/users\/1"}],"replies":[{"embeddable":true,"href":"https:\/\/salgesch.ch\/fr\/wp-json\/wp\/v2\/comments?post=2012"}],"version-history":[{"count":3,"href":"https:\/\/salgesch.ch\/fr\/wp-json\/wp\/v2\/pages\/2012\/revisions"}],"predecessor-version":[{"id":8066,"href":"https:\/\/salgesch.ch\/fr\/wp-json\/wp\/v2\/pages\/2012\/revisions\/8066"}],"wp:attachment":[{"href":"https:\/\/salgesch.ch\/fr\/wp-json\/wp\/v2\/media?parent=2012"}],"curies":[{"name":"wp","href":"https:\/\/api.w.org\/{rel}","templated":true}]}}