{"id":5970,"date":"2020-03-04T08:21:57","date_gmt":"2020-03-04T08:21:57","guid":{"rendered":"http:\/\/salgesch.ch\/test\/"},"modified":"2020-03-16T12:42:18","modified_gmt":"2020-03-16T12:42:18","slug":"test","status":"publish","type":"page","link":"https:\/\/salgesch.ch\/fr\/test\/","title":{"rendered":"Printemps du vin Concours"},"content":{"rendered":"<div class=\"wpb-content-wrapper\"><p>[vc_row type=&#8221;vc_default&#8221; bg_type=&#8221;image&#8221; parallax_style=&#8221;vcpb-vz-jquery&#8221; bg_image_new=&#8221;id^5388|url^http:\/\/salgesch.ch\/wp-content\/uploads\/2020\/02\/Background-PrintempsduVin-2.png|caption^null|alt^null|title^Background-PrintempsduVin|description^null&#8221; bg_image_repeat=&#8221;no-repeat&#8221; bg_image_size=&#8221;contain&#8221; bg_override=&#8221;full&#8221; css=&#8221;.vc_custom_1583309156917{margin-top: -50px !important;background-color: rgba(255,255,255,0.5) !important;*background-color: rgb(255,255,255) !important;}&#8221; el_id=&#8221;concours&#8221;][vc_column][vc_empty_space height=&#8221;100px&#8221;][vc_empty_space height=&#8221;40px&#8221;][vc_row_inner][vc_column_inner width=&#8221;1\/6&#8243;][\/vc_column_inner][vc_column_inner width=&#8221;2\/3&#8243;][vc_single_image image=&#8221;5494&#8243; img_size=&#8221;full&#8221; alignment=&#8221;center&#8221;][\/vc_column_inner][vc_column_inner width=&#8221;1\/6&#8243;][\/vc_column_inner][\/vc_row_inner][vc_row_inner][vc_column_inner width=&#8221;1\/6&#8243;][\/vc_column_inner][vc_column_inner width=&#8221;2\/3&#8243;][vc_column_text]<\/p>\n<h2 style=\"text-align: center;\">Concours report\u00e9 \u00e0 l&#8217;ann\u00e9e prochaine<\/h2>\n<p class=\"p1\" style=\"text-align: center;\">Chers amis du Printemps du Vin,<\/p>\n<p class=\"p1\" style=\"text-align: center;\">En raison de la propagation du COVID-19 et par souci de la sant\u00e9 pour la population, c\u2019est avec regret, que nous devons vous informer que le 15e anniversaire du Printemps du vin est report\u00e9 \u00e0 2021.<\/p>\n<p class=\"p1\" style=\"text-align: center;\">Par cons\u00e9quent, notre concours sera \u00e9galement report\u00e9.<\/p>\n<p class=\"p1\" style=\"text-align: center;\">Tous les participants qui se sont d\u00e9j\u00e0 inscrits seront automatiquement inclus dans le concours de l&#8217;ann\u00e9e prochaine.<\/p>\n<p class=\"p1\" style=\"text-align: center;\">Nous vous remercions pour votre compr\u00e9hension et vous souhaitons, \u00e0 vous et votre famille, beaucoup de force en ces temps incertains.<\/p>\n<p class=\"p1\" style=\"text-align: center;\">Votre \u00e9quipe du Printemps du Vin<\/p>\n<p style=\"text-align: center;\">\u2014\u2014\u2014<\/p>\n<p class=\"p1\" style=\"text-align: center;\">Sehr geehrte Damen und Herren,<\/p>\n<p class=\"p1\" style=\"text-align: center;\">Mit Bedauern m\u00fcssen wir Ihnen mitteilen, dass das 15-j\u00e4hrige-Jubil\u00e4um des Weinfr\u00fchlings auf 2021 verschoben wird. Demnach wird auch unser Wettbewerb auf das n\u00e4chste Jahr verschoben. Alle Teilnehmer, werden automatisch auf die Verlosung im n\u00e4chsten Jahr aufgenommen. Wir hoffen auf ihr Verst\u00e4ndnis und w\u00fcnschen Ihnen und Ihrer Familie alles Gute in dieser unsicheren Zeit.<\/p>\n<p class=\"p1\" style=\"text-align: center;\">Ihr Weinfr\u00fchling Team<\/p>\n<p>[\/vc_column_text][\/vc_column_inner][vc_column_inner width=&#8221;1\/6&#8243;][\/vc_column_inner][\/vc_row_inner][vc_row_inner][vc_column_inner width=&#8221;1\/3&#8243;][\/vc_column_inner][vc_column_inner width=&#8221;1\/3&#8243;][vc_column_text]<script>(function() {\n\twindow.mc4wp = window.mc4wp || {\n\t\tlisteners: [],\n\t\tforms: {\n\t\t\ton: function(evt, cb) {\n\t\t\t\twindow.mc4wp.listeners.push(\n\t\t\t\t\t{\n\t\t\t\t\t\tevent   : evt,\n\t\t\t\t\t\tcallback: cb\n\t\t\t\t\t}\n\t\t\t\t);\n\t\t\t}\n\t\t}\n\t}\n})();\n<\/script><!-- Mailchimp for WordPress v4.12.2 - https:\/\/wordpress.org\/plugins\/mailchimp-for-wp\/ --><form id=\"mc4wp-form-1\" class=\"mc4wp-form mc4wp-form-2897 mc4wp-form-styles-builder\" method=\"post\" data-id=\"2897\" data-name=\"Challenge FR\" ><div class=\"mc4wp-form-fields\"><p>\r\n    <label>Pr\u00e9nom<\/label>\r\n    <input type=\"text\" name=\"FNAME\" placeholder=\"Votre pr\u00e9nom\" required=\"\">\r\n<\/p>\r\n<p>\r\n    <label>Nom<\/label>\r\n    <input type=\"text\" name=\"LNAME\" placeholder=\"Votre nom\"required=\"Lastname\">\r\n<\/p>\r\n<p>\r\n\t<label>Adresse mail: <\/label>\r\n\t<input type=\"email\" name=\"EMAIL\" placeholder=\"Votre adresse mail\" required \/>\r\n<\/p>\r\n<p>\r\n\t<input type=\"checkbox\" id=\"acceptterms\" \/> <label>Je garantis \u00eatre \u00e2g\u00e9 de plus de 18 ans j'ai lu et j'accepte les <a href=\"http:\/\/salgesch.ch\/wp-content\/uploads\/2020\/02\/Conditions_concours_Salquenen.pdf\" target=\"blank\" style=\"color:#b3a16b\">conditions du concours<\/a> et je m'abonne \u00e0 la newsletter. <br \/>Vous pouvez bien \u00e9videmment vous d\u00e9sabonner \u00e0 tout moment.<\/label>\r\n<\/p>\r\n<p>\r\n\t<input type=\"submit\" id=\"subscribe\" value=\"Participer\" \/>\r\n<\/p>\r\n<p>\r\n\t<label id=\"infotext\" style=\"color:red\"><\/label>\r\n<\/p>\r\n\r\n\r\n\r\n<script language=\"javascript\" type=\"text\/javascript\"> \r\n  jQuery('#subscribe').click(function() \r\n    { if (jQuery('#acceptterms').prop('checked') == false) \r\n    \t{\r\n    \t  jQuery('#infotext').html('Il faut accepter les conditions de participation.');\r\n          return false; \r\n        } \r\n      else\r\n      {\r\n         jQuery('#infotext').html('');\r\n      }\r\n    }); \r\n<\/script><\/div><label style=\"display: none !important;\">Leave this field empty if you're human: <input type=\"text\" name=\"_mc4wp_honeypot\" value=\"\" tabindex=\"-1\" autocomplete=\"off\" \/><\/label><input type=\"hidden\" name=\"_mc4wp_timestamp\" value=\"1777686298\" \/><input type=\"hidden\" name=\"_mc4wp_form_id\" value=\"2897\" \/><input type=\"hidden\" name=\"_mc4wp_form_element_id\" value=\"mc4wp-form-1\" \/><div class=\"mc4wp-response\"><\/div><\/form><!-- \/ Mailchimp for WordPress Plugin -->[\/vc_column_text][\/vc_column_inner][vc_column_inner width=&#8221;1\/3&#8243;][\/vc_column_inner][\/vc_row_inner][\/vc_column][\/vc_row]<\/p>\n<\/div>","protected":false},"excerpt":{"rendered":"<p>[vc_row type=&#8221;vc_default&#8221; bg_type=&#8221;image&#8221; parallax_style=&#8221;vcpb-vz-jquery&#8221; bg_image_new=&#8221;id^5388|url^http:\/\/salgesch.ch\/wp-content\/uploads\/2020\/02\/Background-PrintempsduVin-2.png|caption^null|alt^null|title^Background-PrintempsduVin|description^null&#8221; bg_image_repeat=&#8221;no-repeat&#8221; bg_image_size=&#8221;contain&#8221; bg_override=&#8221;full&#8221; css=&#8221;.vc_custom_1583309156917{margin-top: -50px !important;background-color: rgba(255,255,255,0.5) !important;*background-color: rgb(255,255,255) !important;}&#8221; el_id=&#8221;concours&#8221;][vc_column][vc_empty_space height=&#8221;100px&#8221;][vc_empty_space height=&#8221;40px&#8221;][vc_row_inner][vc_column_inner width=&#8221;1\/6&#8243;][\/vc_column_inner][vc_column_inner width=&#8221;2\/3&#8243;][vc_single_image image=&#8221;5494&#8243; img_size=&#8221;full&#8221; alignment=&#8221;center&#8221;][\/vc_column_inner][vc_column_inner width=&#8221;1\/6&#8243;][\/vc_column_inner][\/vc_row_inner][vc_row_inner][vc_column_inner width=&#8221;1\/6&#8243;][\/vc_column_inner][vc_column_inner width=&#8221;2\/3&#8243;][vc_column_text] Concours report\u00e9 \u00e0 l&#8217;ann\u00e9e prochaine Chers amis du Printemps du Vin, En raison de la propagation du COVID-19 et par souci de la sant\u00e9 pour la population, c\u2019est avec&hellip;<\/p>\n","protected":false},"author":1,"featured_media":0,"parent":0,"menu_order":0,"comment_status":"closed","ping_status":"closed","template":"","meta":{"footnotes":""},"class_list":["post-5970","page","type-page","status-publish","hentry","description-off"],"yoast_head":"<!-- This site is optimized with the Yoast SEO plugin v27.5 - https:\/\/yoast.com\/product\/yoast-seo-wordpress\/ -->\n<title>Printemps du vin Concours - Salgesch I Salquenen<\/title>\n<meta name=\"robots\" content=\"index, follow, max-snippet:-1, max-image-preview:large, max-video-preview:-1\" \/>\n<link rel=\"canonical\" href=\"https:\/\/salgesch.ch\/fr\/test\/\" \/>\n<meta property=\"og:locale\" content=\"fr_FR\" \/>\n<meta property=\"og:type\" content=\"article\" \/>\n<meta property=\"og:title\" content=\"Printemps du vin Concours - Salgesch I Salquenen\" \/>\n<meta property=\"og:description\" content=\"[vc_row type=&#8221;vc_default&#8221; bg_type=&#8221;image&#8221; parallax_style=&#8221;vcpb-vz-jquery&#8221; bg_image_new=&#8221;id^5388|url^http:\/\/salgesch.ch\/wp-content\/uploads\/2020\/02\/Background-PrintempsduVin-2.png|caption^null|alt^null|title^Background-PrintempsduVin|description^null&#8221; bg_image_repeat=&#8221;no-repeat&#8221; bg_image_size=&#8221;contain&#8221; bg_override=&#8221;full&#8221; css=&#8221;.vc_custom_1583309156917{margin-top: -50px !important;background-color: rgba(255,255,255,0.5) !important;*background-color: rgb(255,255,255) !important;}&#8221; el_id=&#8221;concours&#8221;][vc_column][vc_empty_space height=&#8221;100px&#8221;][vc_empty_space height=&#8221;40px&#8221;][vc_row_inner][vc_column_inner width=&#8221;1\/6&#8243;][\/vc_column_inner][vc_column_inner width=&#8221;2\/3&#8243;][vc_single_image image=&#8221;5494&#8243; img_size=&#8221;full&#8221; alignment=&#8221;center&#8221;][\/vc_column_inner][vc_column_inner width=&#8221;1\/6&#8243;][\/vc_column_inner][\/vc_row_inner][vc_row_inner][vc_column_inner width=&#8221;1\/6&#8243;][\/vc_column_inner][vc_column_inner width=&#8221;2\/3&#8243;][vc_column_text] Concours report\u00e9 \u00e0 l&#8217;ann\u00e9e prochaine Chers amis du Printemps du Vin, En raison de la propagation du COVID-19 et par souci de la sant\u00e9 pour la population, c\u2019est avec&hellip;\" \/>\n<meta property=\"og:url\" content=\"https:\/\/salgesch.ch\/fr\/test\/\" \/>\n<meta property=\"og:site_name\" content=\"Salgesch I Salquenen\" \/>\n<meta property=\"article:modified_time\" content=\"2020-03-16T12:42:18+00:00\" \/>\n<meta name=\"twitter:card\" content=\"summary_large_image\" \/>\n<meta name=\"twitter:label1\" content=\"Est. reading time\" \/>\n\t<meta name=\"twitter:data1\" content=\"2 minutes\" \/>\n<script type=\"application\/ld+json\" class=\"yoast-schema-graph\">{\"@context\":\"https:\\\/\\\/schema.org\",\"@graph\":[{\"@type\":\"WebPage\",\"@id\":\"https:\\\/\\\/salgesch.ch\\\/fr\\\/test\\\/\",\"url\":\"https:\\\/\\\/salgesch.ch\\\/fr\\\/test\\\/\",\"name\":\"Printemps du vin Concours - Salgesch I Salquenen\",\"isPartOf\":{\"@id\":\"https:\\\/\\\/salgesch.ch\\\/fr\\\/#website\"},\"datePublished\":\"2020-03-04T08:21:57+00:00\",\"dateModified\":\"2020-03-16T12:42:18+00:00\",\"breadcrumb\":{\"@id\":\"https:\\\/\\\/salgesch.ch\\\/fr\\\/test\\\/#breadcrumb\"},\"inLanguage\":\"fr-CH\",\"potentialAction\":[{\"@type\":\"ReadAction\",\"target\":[\"https:\\\/\\\/salgesch.ch\\\/fr\\\/test\\\/\"]}]},{\"@type\":\"BreadcrumbList\",\"@id\":\"https:\\\/\\\/salgesch.ch\\\/fr\\\/test\\\/#breadcrumb\",\"itemListElement\":[{\"@type\":\"ListItem\",\"position\":1,\"name\":\"Startseite\",\"item\":\"https:\\\/\\\/salgesch.ch\\\/fr\\\/\"},{\"@type\":\"ListItem\",\"position\":2,\"name\":\"Printemps du vin Concours\"}]},{\"@type\":\"WebSite\",\"@id\":\"https:\\\/\\\/salgesch.ch\\\/fr\\\/#website\",\"url\":\"https:\\\/\\\/salgesch.ch\\\/fr\\\/\",\"name\":\"Salgesch I Salquenen\",\"description\":\"Das Weindorf der Schweiz\",\"potentialAction\":[{\"@type\":\"SearchAction\",\"target\":{\"@type\":\"EntryPoint\",\"urlTemplate\":\"https:\\\/\\\/salgesch.ch\\\/fr\\\/?s={search_term_string}\"},\"query-input\":{\"@type\":\"PropertyValueSpecification\",\"valueRequired\":true,\"valueName\":\"search_term_string\"}}],\"inLanguage\":\"fr-CH\"}]}<\/script>\n<!-- \/ Yoast SEO plugin. -->","yoast_head_json":{"title":"Printemps du vin Concours - Salgesch I Salquenen","robots":{"index":"index","follow":"follow","max-snippet":"max-snippet:-1","max-image-preview":"max-image-preview:large","max-video-preview":"max-video-preview:-1"},"canonical":"https:\/\/salgesch.ch\/fr\/test\/","og_locale":"fr_FR","og_type":"article","og_title":"Printemps du vin Concours - Salgesch I Salquenen","og_description":"[vc_row type=&#8221;vc_default&#8221; bg_type=&#8221;image&#8221; parallax_style=&#8221;vcpb-vz-jquery&#8221; bg_image_new=&#8221;id^5388|url^http:\/\/salgesch.ch\/wp-content\/uploads\/2020\/02\/Background-PrintempsduVin-2.png|caption^null|alt^null|title^Background-PrintempsduVin|description^null&#8221; bg_image_repeat=&#8221;no-repeat&#8221; bg_image_size=&#8221;contain&#8221; bg_override=&#8221;full&#8221; css=&#8221;.vc_custom_1583309156917{margin-top: -50px !important;background-color: rgba(255,255,255,0.5) !important;*background-color: rgb(255,255,255) !important;}&#8221; el_id=&#8221;concours&#8221;][vc_column][vc_empty_space height=&#8221;100px&#8221;][vc_empty_space height=&#8221;40px&#8221;][vc_row_inner][vc_column_inner width=&#8221;1\/6&#8243;][\/vc_column_inner][vc_column_inner width=&#8221;2\/3&#8243;][vc_single_image image=&#8221;5494&#8243; img_size=&#8221;full&#8221; alignment=&#8221;center&#8221;][\/vc_column_inner][vc_column_inner width=&#8221;1\/6&#8243;][\/vc_column_inner][\/vc_row_inner][vc_row_inner][vc_column_inner width=&#8221;1\/6&#8243;][\/vc_column_inner][vc_column_inner width=&#8221;2\/3&#8243;][vc_column_text] Concours report\u00e9 \u00e0 l&#8217;ann\u00e9e prochaine Chers amis du Printemps du Vin, En raison de la propagation du COVID-19 et par souci de la sant\u00e9 pour la population, c\u2019est avec&hellip;","og_url":"https:\/\/salgesch.ch\/fr\/test\/","og_site_name":"Salgesch I Salquenen","article_modified_time":"2020-03-16T12:42:18+00:00","twitter_card":"summary_large_image","twitter_misc":{"Est. reading time":"2 minutes"},"schema":{"@context":"https:\/\/schema.org","@graph":[{"@type":"WebPage","@id":"https:\/\/salgesch.ch\/fr\/test\/","url":"https:\/\/salgesch.ch\/fr\/test\/","name":"Printemps du vin Concours - Salgesch I Salquenen","isPartOf":{"@id":"https:\/\/salgesch.ch\/fr\/#website"},"datePublished":"2020-03-04T08:21:57+00:00","dateModified":"2020-03-16T12:42:18+00:00","breadcrumb":{"@id":"https:\/\/salgesch.ch\/fr\/test\/#breadcrumb"},"inLanguage":"fr-CH","potentialAction":[{"@type":"ReadAction","target":["https:\/\/salgesch.ch\/fr\/test\/"]}]},{"@type":"BreadcrumbList","@id":"https:\/\/salgesch.ch\/fr\/test\/#breadcrumb","itemListElement":[{"@type":"ListItem","position":1,"name":"Startseite","item":"https:\/\/salgesch.ch\/fr\/"},{"@type":"ListItem","position":2,"name":"Printemps du vin Concours"}]},{"@type":"WebSite","@id":"https:\/\/salgesch.ch\/fr\/#website","url":"https:\/\/salgesch.ch\/fr\/","name":"Salgesch I Salquenen","description":"Das Weindorf der Schweiz","potentialAction":[{"@type":"SearchAction","target":{"@type":"EntryPoint","urlTemplate":"https:\/\/salgesch.ch\/fr\/?s={search_term_string}"},"query-input":{"@type":"PropertyValueSpecification","valueRequired":true,"valueName":"search_term_string"}}],"inLanguage":"fr-CH"}]}},"_links":{"self":[{"href":"https:\/\/salgesch.ch\/fr\/wp-json\/wp\/v2\/pages\/5970","targetHints":{"allow":["GET"]}}],"collection":[{"href":"https:\/\/salgesch.ch\/fr\/wp-json\/wp\/v2\/pages"}],"about":[{"href":"https:\/\/salgesch.ch\/fr\/wp-json\/wp\/v2\/types\/page"}],"author":[{"embeddable":true,"href":"https:\/\/salgesch.ch\/fr\/wp-json\/wp\/v2\/users\/1"}],"replies":[{"embeddable":true,"href":"https:\/\/salgesch.ch\/fr\/wp-json\/wp\/v2\/comments?post=5970"}],"version-history":[{"count":0,"href":"https:\/\/salgesch.ch\/fr\/wp-json\/wp\/v2\/pages\/5970\/revisions"}],"wp:attachment":[{"href":"https:\/\/salgesch.ch\/fr\/wp-json\/wp\/v2\/media?parent=5970"}],"curies":[{"name":"wp","href":"https:\/\/api.w.org\/{rel}","templated":true}]}}